{"id":106,"date":"2021-05-07T16:15:16","date_gmt":"2021-05-07T16:15:16","guid":{"rendered":"https:\/\/plisan.com\/index.php\/menu\/"},"modified":"2022-04-25T14:58:05","modified_gmt":"2022-04-25T14:58:05","slug":"historia","status":"publish","type":"page","link":"https:\/\/plisan.com\/index.php\/historia\/","title":{"rendered":"Historia"},"content":{"rendered":"\t\t<div data-elementor-type=\"wp-page\" data-elementor-id=\"106\" class=\"elementor elementor-106\">\n\t\t\t\t\t\t\t\t\t<section class=\"elementor-section elementor-top-section elementor-element elementor-element-5c89a02 elementor-section-boxed elementor-section-height-default elementor-section-height-default\" data-id=\"5c89a02\" data-element_type=\"section\" data-settings=\"{&quot;background_background&quot;:&quot;classic&quot;}\">\n\t\t\t\t\t\t\t<div class=\"elementor-background-overlay\"><\/div>\n\t\t\t\t\t\t\t<div class=\"elementor-container elementor-column-gap-no\">\n\t\t\t\t\t<div class=\"elementor-column elementor-col-100 elementor-top-column elementor-element elementor-element-4aa8cc6\" data-id=\"4aa8cc6\" data-element_type=\"column\">\n\t\t\t<div class=\"elementor-widget-wrap elementor-element-populated\">\n\t\t\t\t\t\t\t\t<div class=\"elementor-element elementor-element-822e8f2 elementor-widget elementor-widget-heading\" data-id=\"822e8f2\" data-element_type=\"widget\" data-widget_type=\"heading.default\">\n\t\t\t\t<div class=\"elementor-widget-container\">\n\t\t\t<style>\/*! elementor - v3.7.8 - 02-10-2022 *\/\n.elementor-heading-title{padding:0;margin:0;line-height:1}.elementor-widget-heading .elementor-heading-title[class*=elementor-size-]>a{color:inherit;font-size:inherit;line-height:inherit}.elementor-widget-heading .elementor-heading-title.elementor-size-small{font-size:15px}.elementor-widget-heading .elementor-heading-title.elementor-size-medium{font-size:19px}.elementor-widget-heading .elementor-heading-title.elementor-size-large{font-size:29px}.elementor-widget-heading .elementor-heading-title.elementor-size-xl{font-size:39px}.elementor-widget-heading .elementor-heading-title.elementor-size-xxl{font-size:59px}<\/style><h1 class=\"elementor-heading-title elementor-size-default\">Noticias Destacadas<\/h1>\t\t<\/div>\n\t\t\t\t<\/div>\n\t\t\t\t\t<\/div>\n\t\t<\/div>\n\t\t\t\t\t\t\t<\/div>\n\t\t<\/section>\n\t\t\t\t<section class=\"elementor-section elementor-top-section elementor-element elementor-element-40c569a elementor-section-boxed elementor-section-height-default elementor-section-height-default\" data-id=\"40c569a\" data-element_type=\"section\">\n\t\t\t\t\t\t<div class=\"elementor-container elementor-column-gap-default\">\n\t\t\t\t\t<div class=\"elementor-column elementor-col-100 elementor-top-column elementor-element elementor-element-e59df81\" data-id=\"e59df81\" data-element_type=\"column\">\n\t\t\t<div class=\"elementor-widget-wrap elementor-element-populated\">\n\t\t\t\t\t\t\t\t<div class=\"elementor-element elementor-element-da3e1ef elementor-widget elementor-widget-spacer\" data-id=\"da3e1ef\" data-element_type=\"widget\" data-widget_type=\"spacer.default\">\n\t\t\t\t<div class=\"elementor-widget-container\">\n\t\t\t<style>\/*! elementor - v3.7.8 - 02-10-2022 *\/\n.elementor-column .elementor-spacer-inner{height:var(--spacer-size)}.e-container{--container-widget-width:100%}.e-container>.elementor-widget-spacer{width:var(--container-widget-width,var(--spacer-size));-ms-flex-item-align:stretch;align-self:stretch;-ms-flex-negative:0;flex-shrink:0}.e-container>.elementor-widget-spacer>.elementor-widget-container,.e-container>.elementor-widget-spacer>.elementor-widget-container>.elementor-spacer{height:100%}.e-container>.elementor-widget-spacer>.elementor-widget-container>.elementor-spacer>.elementor-spacer-inner{height:var(--container-widget-height,var(--spacer-size))}<\/style>\t\t<div class=\"elementor-spacer\">\n\t\t\t<div class=\"elementor-spacer-inner\"><\/div>\n\t\t<\/div>\n\t\t\t\t<\/div>\n\t\t\t\t<\/div>\n\t\t\t\t\t<\/div>\n\t\t<\/div>\n\t\t\t\t\t\t\t<\/div>\n\t\t<\/section>\n\t\t\t\t<section class=\"elementor-section elementor-top-section elementor-element elementor-element-2dc2f46 elementor-section-boxed elementor-section-height-default elementor-section-height-default\" data-id=\"2dc2f46\" data-element_type=\"section\">\n\t\t\t\t\t\t<div class=\"elementor-container elementor-column-gap-default\">\n\t\t\t\t\t<div class=\"elementor-column elementor-col-50 elementor-top-column elementor-element elementor-element-9980e1a\" data-id=\"9980e1a\" data-element_type=\"column\">\n\t\t\t<div class=\"elementor-widget-wrap elementor-element-populated\">\n\t\t\t\t\t\t\t\t<div class=\"elementor-element elementor-element-d1fc2c2 elementor-absolute elementor-hidden-tablet elementor-hidden-mobile elementor-widget elementor-widget-image\" data-id=\"d1fc2c2\" data-element_type=\"widget\" data-settings=\"{&quot;_position&quot;:&quot;absolute&quot;}\" data-widget_type=\"image.default\">\n\t\t\t\t<div class=\"elementor-widget-container\">\n\t\t\t<style>\/*! elementor - v3.7.8 - 02-10-2022 *\/\n.elementor-widget-image{text-align:center}.elementor-widget-image a{display:inline-block}.elementor-widget-image a img[src$=\".svg\"]{width:48px}.elementor-widget-image img{vertical-align:middle;display:inline-block}<\/style>\t\t\t\t\t\t\t\t\t\t\t\t<img loading=\"lazy\" decoding=\"async\" width=\"1024\" height=\"438\" src=\"https:\/\/plisan.com\/wp-content\/uploads\/2022\/04\/50b9fa0c-bf8e-4226-a8c2-b7c6df3a6ec5_21-9-aspect-ratio_default_0-1024x438.jpg\" class=\"attachment-large size-large\" alt=\"\" srcset=\"https:\/\/plisan.com\/wp-content\/uploads\/2022\/04\/50b9fa0c-bf8e-4226-a8c2-b7c6df3a6ec5_21-9-aspect-ratio_default_0-1024x438.jpg 1024w, https:\/\/plisan.com\/wp-content\/uploads\/2022\/04\/50b9fa0c-bf8e-4226-a8c2-b7c6df3a6ec5_21-9-aspect-ratio_default_0-300x128.jpg 300w, https:\/\/plisan.com\/wp-content\/uploads\/2022\/04\/50b9fa0c-bf8e-4226-a8c2-b7c6df3a6ec5_21-9-aspect-ratio_default_0-768x329.jpg 768w, https:\/\/plisan.com\/wp-content\/uploads\/2022\/04\/50b9fa0c-bf8e-4226-a8c2-b7c6df3a6ec5_21-9-aspect-ratio_default_0.jpg 1280w\" sizes=\"auto, (max-width: 1024px) 100vw, 1024px\" \/>\t\t\t\t\t\t\t\t\t\t\t\t\t\t\t<\/div>\n\t\t\t\t<\/div>\n\t\t\t\t\t<\/div>\n\t\t<\/div>\n\t\t\t\t<div class=\"elementor-column elementor-col-50 elementor-top-column elementor-element elementor-element-ea07beb\" data-id=\"ea07beb\" data-element_type=\"column\">\n\t\t\t<div class=\"elementor-widget-wrap elementor-element-populated\">\n\t\t\t\t\t\t\t\t<div class=\"elementor-element elementor-element-efcffbf elementor-widget__width-auto elementor-widget elementor-widget-heading\" data-id=\"efcffbf\" data-element_type=\"widget\" data-widget_type=\"heading.default\">\n\t\t\t\t<div class=\"elementor-widget-container\">\n\t\t\t<h2 class=\"elementor-heading-title elementor-size-default\">Noticias 2022<\/h2>\t\t<\/div>\n\t\t\t\t<\/div>\n\t\t\t\t<div class=\"elementor-element elementor-element-27c85f4 elementor-widget elementor-widget-spacer\" data-id=\"27c85f4\" data-element_type=\"widget\" data-widget_type=\"spacer.default\">\n\t\t\t\t<div class=\"elementor-widget-container\">\n\t\t\t\t\t<div class=\"elementor-spacer\">\n\t\t\t<div class=\"elementor-spacer-inner\"><\/div>\n\t\t<\/div>\n\t\t\t\t<\/div>\n\t\t\t\t<\/div>\n\t\t\t\t<div class=\"elementor-element elementor-element-0339246 elementor-position-left elementor-widget__width-initial elementor-widget-mobile__width-inherit elementor-vertical-align-top elementor-widget elementor-widget-image-box\" data-id=\"0339246\" data-element_type=\"widget\" data-widget_type=\"image-box.default\">\n\t\t\t\t<div class=\"elementor-widget-container\">\n\t\t\t<style>\/*! elementor - v3.7.8 - 02-10-2022 *\/\n.elementor-widget-image-box .elementor-image-box-content{width:100%}@media (min-width:768px){.elementor-widget-image-box.elementor-position-left .elementor-image-box-wrapper,.elementor-widget-image-box.elementor-position-right .elementor-image-box-wrapper{display:-webkit-box;display:-ms-flexbox;display:flex}.elementor-widget-image-box.elementor-position-right .elementor-image-box-wrapper{text-align:right;-webkit-box-orient:horizontal;-webkit-box-direction:reverse;-ms-flex-direction:row-reverse;flex-direction:row-reverse}.elementor-widget-image-box.elementor-position-left .elementor-image-box-wrapper{text-align:left;-webkit-box-orient:horizontal;-webkit-box-direction:normal;-ms-flex-direction:row;flex-direction:row}.elementor-widget-image-box.elementor-position-top .elementor-image-box-img{margin:auto}.elementor-widget-image-box.elementor-vertical-align-top .elementor-image-box-wrapper{-webkit-box-align:start;-ms-flex-align:start;align-items:flex-start}.elementor-widget-image-box.elementor-vertical-align-middle .elementor-image-box-wrapper{-webkit-box-align:center;-ms-flex-align:center;align-items:center}.elementor-widget-image-box.elementor-vertical-align-bottom .elementor-image-box-wrapper{-webkit-box-align:end;-ms-flex-align:end;align-items:flex-end}}@media (max-width:767px){.elementor-widget-image-box .elementor-image-box-img{margin-left:auto!important;margin-right:auto!important;margin-bottom:15px}}.elementor-widget-image-box .elementor-image-box-img{display:inline-block}.elementor-widget-image-box .elementor-image-box-title a{color:inherit}.elementor-widget-image-box .elementor-image-box-wrapper{text-align:center}.elementor-widget-image-box .elementor-image-box-description{margin:0}<\/style><div class=\"elementor-image-box-wrapper\"><div class=\"elementor-image-box-content\"><h5 class=\"elementor-image-box-title\">El norte de Portugal proyecta conectar la A-28 hasta casi la Plisan por 65 millones de euros<\/h5><p class=\"elementor-image-box-description\">Las c\u00e1maras municipales de Valen\u00e7a, Mon\u00e7\u00e3o y Melga\u00e7o proponen prolongar la autov\u00eda desde Caminha y crear un nuevo puente sobre el Mi\u00f1o<\/p><\/div><\/div>\t\t<\/div>\n\t\t\t\t<\/div>\n\t\t\t\t<div class=\"elementor-element elementor-element-6e39796 elementor-widget__width-initial elementor-widget-mobile__width-inherit elementor-widget elementor-widget-heading\" data-id=\"6e39796\" data-element_type=\"widget\" data-widget_type=\"heading.default\">\n\t\t\t\t<div class=\"elementor-widget-container\">\n\t\t\t<h6 class=\"elementor-heading-title elementor-size-xl\"><a href=\"https:\/\/www.farodevigo.es\/gran-vigo\/2022\/04\/24\/norte-portugal-proyecta-conectar-28-plisan-autovia-65309853.html\" target=\"_blank\">Enlace<\/a><\/h6>\t\t<\/div>\n\t\t\t\t<\/div>\n\t\t\t\t<div class=\"elementor-element elementor-element-70db0b5 elementor-widget elementor-widget-spacer\" data-id=\"70db0b5\" data-element_type=\"widget\" data-widget_type=\"spacer.default\">\n\t\t\t\t<div class=\"elementor-widget-container\">\n\t\t\t\t\t<div class=\"elementor-spacer\">\n\t\t\t<div class=\"elementor-spacer-inner\"><\/div>\n\t\t<\/div>\n\t\t\t\t<\/div>\n\t\t\t\t<\/div>\n\t\t\t\t<div class=\"elementor-element elementor-element-e852151 elementor-position-left elementor-widget__width-initial elementor-widget-mobile__width-inherit elementor-vertical-align-top elementor-widget elementor-widget-image-box\" data-id=\"e852151\" data-element_type=\"widget\" data-widget_type=\"image-box.default\">\n\t\t\t\t<div class=\"elementor-widget-container\">\n\t\t\t<div class=\"elementor-image-box-wrapper\"><div class=\"elementor-image-box-content\"><h5 class=\"elementor-image-box-title\">Portugal impulsa un sexto puente sobre el r\u00edo Mi\u00f1o para conectar con la Plisan<\/h5><p class=\"elementor-image-box-description\">Los alcaldes de los diez municipios del norte de Portugal reivindican un sexto puente internacional sobre el r\u00edo Mi\u00f1o. Ya cuentan con un estudio de viabilidad y otro de impacto econ\u00f3mico que trasladaron al ministro de Infraestructuras luso, Pedro Nuno Santos, durante una conferencia que se celebr\u00f3 esta semana en Melga\u00e7o sobre la conectividad transfronteriza.<\/p><\/div><\/div>\t\t<\/div>\n\t\t\t\t<\/div>\n\t\t\t\t<div class=\"elementor-element elementor-element-df220a7 elementor-widget__width-initial elementor-widget-mobile__width-inherit elementor-widget elementor-widget-heading\" data-id=\"df220a7\" data-element_type=\"widget\" data-widget_type=\"heading.default\">\n\t\t\t\t<div class=\"elementor-widget-container\">\n\t\t\t<h6 class=\"elementor-heading-title elementor-size-xl\"><a href=\"https:\/\/www.lavozdegalicia.es\/noticia\/vigo\/salvaterra-de-mino\/2022\/04\/24\/portugal-impulsa-sexto-puente-sobre-rio-mino-conectar-plisan\/0003_202204V24C7991.htm\" target=\"_blank\">Enlace<\/a><\/h6>\t\t<\/div>\n\t\t\t\t<\/div>\n\t\t\t\t<div class=\"elementor-element elementor-element-e92e9f1 elementor-widget elementor-widget-spacer\" data-id=\"e92e9f1\" data-element_type=\"widget\" data-widget_type=\"spacer.default\">\n\t\t\t\t<div class=\"elementor-widget-container\">\n\t\t\t\t\t<div class=\"elementor-spacer\">\n\t\t\t<div class=\"elementor-spacer-inner\"><\/div>\n\t\t<\/div>\n\t\t\t\t<\/div>\n\t\t\t\t<\/div>\n\t\t\t\t<div class=\"elementor-element elementor-element-5b3779d elementor-position-left elementor-widget__width-initial elementor-widget-mobile__width-inherit elementor-vertical-align-top elementor-widget elementor-widget-image-box\" data-id=\"5b3779d\" data-element_type=\"widget\" data-widget_type=\"image-box.default\">\n\t\t\t\t<div class=\"elementor-widget-container\">\n\t\t\t<div class=\"elementor-image-box-wrapper\"><div class=\"elementor-image-box-content\"><h5 class=\"elementor-image-box-title\">El puerto seco de Salvaterra, a punto de agotar sus parcelas, comercializar\u00e1 un mill\u00f3n de metros cuadrados m\u00e1s<\/h5><p class=\"elementor-image-box-description\">Ante la previsi\u00f3n de crecimiento, tambi\u00e9n se completar\u00e1 la segunda fase de la estaci\u00f3n depuradora, con una inversi\u00f3n total en este servicio, de m\u00e1s de 5,31 millones de euros<\/p><\/div><\/div>\t\t<\/div>\n\t\t\t\t<\/div>\n\t\t\t\t<div class=\"elementor-element elementor-element-58d3eba elementor-widget__width-initial elementor-widget-mobile__width-inherit elementor-widget elementor-widget-heading\" data-id=\"58d3eba\" data-element_type=\"widget\" data-widget_type=\"heading.default\">\n\t\t\t\t<div class=\"elementor-widget-container\">\n\t\t\t<h6 class=\"elementor-heading-title elementor-size-xl\"><a href=\"https:\/\/www.lavozdegalicia.es\/noticia\/vigo\/as-neves\/2022\/04\/19\/plataforma-logistica-salvaterra-as-neves-amplia-superficie-comercializable-1-millon-euros-punto-agotar-parcelas-actuales\/00031650379639226781858.htm\" target=\"_blank\">Enlace<\/a><\/h6>\t\t<\/div>\n\t\t\t\t<\/div>\n\t\t\t\t<div class=\"elementor-element elementor-element-9fa194c elementor-widget elementor-widget-spacer\" data-id=\"9fa194c\" data-element_type=\"widget\" data-widget_type=\"spacer.default\">\n\t\t\t\t<div class=\"elementor-widget-container\">\n\t\t\t\t\t<div class=\"elementor-spacer\">\n\t\t\t<div class=\"elementor-spacer-inner\"><\/div>\n\t\t<\/div>\n\t\t\t\t<\/div>\n\t\t\t\t<\/div>\n\t\t\t\t<div class=\"elementor-element elementor-element-3b6e407 elementor-position-left elementor-widget__width-initial elementor-widget-mobile__width-inherit elementor-vertical-align-top elementor-widget elementor-widget-image-box\" data-id=\"3b6e407\" data-element_type=\"widget\" data-widget_type=\"image-box.default\">\n\t\t\t\t<div class=\"elementor-widget-container\">\n\t\t\t<div class=\"elementor-image-box-wrapper\"><div class=\"elementor-image-box-content\"><h5 class=\"elementor-image-box-title\">La mayor conservera gallega oficializa su desembarco en la Plisan<\/h5><p class=\"elementor-image-box-description\">La Xunta acaba de formalizar la adjudicaci\u00f3n de tres parcelas en la Plisan con una superficie total de 44.000 metros, dos de la cuales han sido adquiridas por Frinsa, mientras que la tercera se la queda Gainser, una firma especializada en equipos de bombeo y tratamiento de agua.<\/p><\/div><\/div>\t\t<\/div>\n\t\t\t\t<\/div>\n\t\t\t\t<div class=\"elementor-element elementor-element-a9555ff elementor-widget__width-initial elementor-widget-mobile__width-inherit elementor-widget elementor-widget-heading\" data-id=\"a9555ff\" data-element_type=\"widget\" data-widget_type=\"heading.default\">\n\t\t\t\t<div class=\"elementor-widget-container\">\n\t\t\t<h6 class=\"elementor-heading-title elementor-size-xl\"><a href=\"https:\/\/www.farodevigo.es\/gran-vigo\/2022\/04\/13\/frinsa-desembarco-plisan-64981112.html\" target=\"_blank\">Enlace<\/a><\/h6>\t\t<\/div>\n\t\t\t\t<\/div>\n\t\t\t\t<div class=\"elementor-element elementor-element-4149258 elementor-widget elementor-widget-spacer\" data-id=\"4149258\" data-element_type=\"widget\" data-widget_type=\"spacer.default\">\n\t\t\t\t<div class=\"elementor-widget-container\">\n\t\t\t\t\t<div class=\"elementor-spacer\">\n\t\t\t<div class=\"elementor-spacer-inner\"><\/div>\n\t\t<\/div>\n\t\t\t\t<\/div>\n\t\t\t\t<\/div>\n\t\t\t\t<div class=\"elementor-element elementor-element-cc82055 elementor-position-left elementor-widget__width-initial elementor-widget-mobile__width-inherit elementor-vertical-align-top elementor-widget elementor-widget-image-box\" data-id=\"cc82055\" data-element_type=\"widget\" data-widget_type=\"image-box.default\">\n\t\t\t\t<div class=\"elementor-widget-container\">\n\t\t\t<div class=\"elementor-image-box-wrapper\"><div class=\"elementor-image-box-content\"><h5 class=\"elementor-image-box-title\">Frinsa y Gainser se instalar\u00e1n en la Plisan<\/h5><p class=\"elementor-image-box-description\">El delegado del Estado en el Consorcio de la Zona Franca de Vigo, David Regades, firm\u00f3 en las notar\u00edas de A Ca\u00f1iza y Ponteareas las escrituras para la instalaci\u00f3n de Frinsa y Gainser en la Plisan y record\u00f3 \u201cmi compromiso cuando llegu\u00e9 a la Zona Franca, de que poner suelo a disposici\u00f3n de las empresas ser\u00eda prioritario, para que puedan desarrollar sus proyectos y crear empleo, y ahora es una realidad en la que ha sido clave la colaboraci\u00f3n entre administraciones\u201d. <\/p><\/div><\/div>\t\t<\/div>\n\t\t\t\t<\/div>\n\t\t\t\t<div class=\"elementor-element elementor-element-2760074 elementor-widget__width-initial elementor-widget-mobile__width-inherit elementor-widget elementor-widget-heading\" data-id=\"2760074\" data-element_type=\"widget\" data-widget_type=\"heading.default\">\n\t\t\t\t<div class=\"elementor-widget-container\">\n\t\t\t<h6 class=\"elementor-heading-title elementor-size-xl\"><a href=\"https:\/\/www.economiaengalicia.com\/articulo\/empresa\/frinsa-gainser-instalaran-plisan\/20220413130236020415.html\" target=\"_blank\">Enlace<\/a><\/h6>\t\t<\/div>\n\t\t\t\t<\/div>\n\t\t\t\t\t<\/div>\n\t\t<\/div>\n\t\t\t\t\t\t\t<\/div>\n\t\t<\/section>\n\t\t\t\t<section class=\"elementor-section elementor-top-section elementor-element elementor-element-5ab2b6c elementor-section-boxed elementor-section-height-default elementor-section-height-default\" data-id=\"5ab2b6c\" data-element_type=\"section\">\n\t\t\t\t\t\t<div class=\"elementor-container elementor-column-gap-default\">\n\t\t\t\t\t<div class=\"elementor-column elementor-col-50 elementor-top-column elementor-element elementor-element-b61c21b\" data-id=\"b61c21b\" data-element_type=\"column\">\n\t\t\t<div class=\"elementor-widget-wrap elementor-element-populated\">\n\t\t\t\t\t\t\t\t<div class=\"elementor-element elementor-element-eea0355 elementor-widget elementor-widget-spacer\" data-id=\"eea0355\" data-element_type=\"widget\" data-widget_type=\"spacer.default\">\n\t\t\t\t<div class=\"elementor-widget-container\">\n\t\t\t\t\t<div class=\"elementor-spacer\">\n\t\t\t<div class=\"elementor-spacer-inner\"><\/div>\n\t\t<\/div>\n\t\t\t\t<\/div>\n\t\t\t\t<\/div>\n\t\t\t\t<div class=\"elementor-element elementor-element-5176f5e elementor-position-left elementor-widget__width-initial elementor-widget-mobile__width-inherit elementor-vertical-align-top elementor-widget elementor-widget-image-box\" data-id=\"5176f5e\" data-element_type=\"widget\" data-widget_type=\"image-box.default\">\n\t\t\t\t<div class=\"elementor-widget-container\">\n\t\t\t<div class=\"elementor-image-box-wrapper\"><div class=\"elementor-image-box-content\"><h5 class=\"elementor-image-box-title\">Alianza entre Zona Franca y Melga\u00e7o para mejorar la conexi\u00f3n con la Plisan<\/h5><p class=\"elementor-image-box-description\">Regades asegura que la colaboraci\u00f3n entre el \u00e1rea de Vigo y el norte luso es clave \u201cpara el desarrollo de ambos territorios dentro de la UE\u201d\n<\/p><\/div><\/div>\t\t<\/div>\n\t\t\t\t<\/div>\n\t\t\t\t<div class=\"elementor-element elementor-element-6b9a4a5 elementor-widget__width-initial elementor-widget-mobile__width-inherit elementor-widget elementor-widget-heading\" data-id=\"6b9a4a5\" data-element_type=\"widget\" data-widget_type=\"heading.default\">\n\t\t\t\t<div class=\"elementor-widget-container\">\n\t\t\t<h6 class=\"elementor-heading-title elementor-size-xl\"><a href=\"https:\/\/www.farodevigo.es\/gran-vigo\/2022\/04\/11\/alianza-zona-franca-melgaco-mejorar-64884781.html\" target=\"_blank\">Enlace<\/a><\/h6>\t\t<\/div>\n\t\t\t\t<\/div>\n\t\t\t\t<div class=\"elementor-element elementor-element-edffa20 elementor-widget elementor-widget-spacer\" data-id=\"edffa20\" data-element_type=\"widget\" data-widget_type=\"spacer.default\">\n\t\t\t\t<div class=\"elementor-widget-container\">\n\t\t\t\t\t<div class=\"elementor-spacer\">\n\t\t\t<div class=\"elementor-spacer-inner\"><\/div>\n\t\t<\/div>\n\t\t\t\t<\/div>\n\t\t\t\t<\/div>\n\t\t\t\t<div class=\"elementor-element elementor-element-425f907 elementor-position-left elementor-widget__width-initial elementor-widget-mobile__width-inherit elementor-vertical-align-top elementor-widget elementor-widget-image-box\" data-id=\"425f907\" data-element_type=\"widget\" data-widget_type=\"image-box.default\">\n\t\t\t\t<div class=\"elementor-widget-container\">\n\t\t\t<div class=\"elementor-image-box-wrapper\"><div class=\"elementor-image-box-content\"><h5 class=\"elementor-image-box-title\">La Xunta adjudicar\u00e1 una nueva parcela de la Plisan a la firma gallega Gainser<\/h5><p class=\"elementor-image-box-description\">La Xunta de Galicia termin\u00f3 los tr\u00e1mites necesarios para la adjudicaci\u00f3n de una nueva parcela de la Plisan que se asignar\u00e1 en los pr\u00f3ximos d\u00edas a la firma gallega Gainser, dedicada al estudio y servicio posventa de equipos de bombeo y tratamiento de agua.<\/p><\/div><\/div>\t\t<\/div>\n\t\t\t\t<\/div>\n\t\t\t\t<div class=\"elementor-element elementor-element-2c9648a elementor-widget__width-initial elementor-widget-mobile__width-inherit elementor-widget elementor-widget-heading\" data-id=\"2c9648a\" data-element_type=\"widget\" data-widget_type=\"heading.default\">\n\t\t\t\t<div class=\"elementor-widget-container\">\n\t\t\t<h6 class=\"elementor-heading-title elementor-size-xl\"><a href=\"https:\/\/www.farodevigo.es\/gran-vigo\/2022\/03\/02\/xunta-adjudicara-nueva-parcela-plisan-63326503.html\" target=\"_blank\">Enlace<\/a><\/h6>\t\t<\/div>\n\t\t\t\t<\/div>\n\t\t\t\t<div class=\"elementor-element elementor-element-5edc5e8 elementor-widget elementor-widget-spacer\" data-id=\"5edc5e8\" data-element_type=\"widget\" data-widget_type=\"spacer.default\">\n\t\t\t\t<div class=\"elementor-widget-container\">\n\t\t\t\t\t<div class=\"elementor-spacer\">\n\t\t\t<div class=\"elementor-spacer-inner\"><\/div>\n\t\t<\/div>\n\t\t\t\t<\/div>\n\t\t\t\t<\/div>\n\t\t\t\t<div class=\"elementor-element elementor-element-b991689 elementor-position-left elementor-widget__width-initial elementor-widget-mobile__width-inherit elementor-vertical-align-top elementor-widget elementor-widget-image-box\" data-id=\"b991689\" data-element_type=\"widget\" data-widget_type=\"image-box.default\">\n\t\t\t\t<div class=\"elementor-widget-container\">\n\t\t\t<div class=\"elementor-image-box-wrapper\"><div class=\"elementor-image-box-content\"><h5 class=\"elementor-image-box-title\">La conservera Frinsa se asienta en la Plisan tras comprar dos parcelas por 2,6 millones<\/h5><p class=\"elementor-image-box-description\">El grupo es uno de los mayores fabricantes europeos de t\u00fanidos y mariscos en conserva y ampliar\u00e1 su actividad en la plataforma log\u00edstica de Salvaterra, donde Albo ya construye una planta de enlatado<\/p><\/div><\/div>\t\t<\/div>\n\t\t\t\t<\/div>\n\t\t\t\t<div class=\"elementor-element elementor-element-b429a07 elementor-widget__width-initial elementor-widget-mobile__width-inherit elementor-widget elementor-widget-heading\" data-id=\"b429a07\" data-element_type=\"widget\" data-widget_type=\"heading.default\">\n\t\t\t\t<div class=\"elementor-widget-container\">\n\t\t\t<h6 class=\"elementor-heading-title elementor-size-xl\"><a href=\"https:\/\/www.lavozdegalicia.es\/noticia\/somosmar\/2022\/03\/03\/conservera-frinsa-asienta-plisan-tras-comprar-dos-parcelas-26-millones\/00031646306819469453238.htm\" target=\"_blank\">Enlace<\/a><\/h6>\t\t<\/div>\n\t\t\t\t<\/div>\n\t\t\t\t<div class=\"elementor-element elementor-element-fd10722 elementor-widget elementor-widget-spacer\" data-id=\"fd10722\" data-element_type=\"widget\" data-widget_type=\"spacer.default\">\n\t\t\t\t<div class=\"elementor-widget-container\">\n\t\t\t\t\t<div class=\"elementor-spacer\">\n\t\t\t<div class=\"elementor-spacer-inner\"><\/div>\n\t\t<\/div>\n\t\t\t\t<\/div>\n\t\t\t\t<\/div>\n\t\t\t\t<div class=\"elementor-element elementor-element-ffb6efa elementor-position-left elementor-widget__width-initial elementor-widget-mobile__width-inherit elementor-vertical-align-top elementor-widget elementor-widget-image-box\" data-id=\"ffb6efa\" data-element_type=\"widget\" data-widget_type=\"image-box.default\">\n\t\t\t\t<div class=\"elementor-widget-container\">\n\t\t\t<div class=\"elementor-image-box-wrapper\"><div class=\"elementor-image-box-content\"><h5 class=\"elementor-image-box-title\">La biotecnol\u00f3gica Lonza refuerza su poder\u00edo con m\u00e1s de 100.000 metros en la Plisan<\/h5><p class=\"elementor-image-box-description\"> Si hace apenas veinte d\u00edas Frinsa, la mayor conservera gallega por volumen de ventas, confirmaba su desembarco en el puerto seco de Salvaterra en una parcela de 41.000 metros cuadrados, ahora le toca el turno a la primera industria biotecnol\u00f3gica de la comunidad: Lonza.<\/p><\/div><\/div>\t\t<\/div>\n\t\t\t\t<\/div>\n\t\t\t\t<div class=\"elementor-element elementor-element-27e91b7 elementor-widget__width-initial elementor-widget-mobile__width-inherit elementor-widget elementor-widget-heading\" data-id=\"27e91b7\" data-element_type=\"widget\" data-widget_type=\"heading.default\">\n\t\t\t\t<div class=\"elementor-widget-container\">\n\t\t\t<h6 class=\"elementor-heading-title elementor-size-xl\"><a href=\"https:\/\/www.farodevigo.es\/gran-vigo\/2022\/03\/08\/biotecnologica-lonza-refuerza-poderio-100-63549999.html\" target=\"_blank\">Enlace<\/a><\/h6>\t\t<\/div>\n\t\t\t\t<\/div>\n\t\t\t\t<div class=\"elementor-element elementor-element-61019d7 elementor-widget elementor-widget-spacer\" data-id=\"61019d7\" data-element_type=\"widget\" data-widget_type=\"spacer.default\">\n\t\t\t\t<div class=\"elementor-widget-container\">\n\t\t\t\t\t<div class=\"elementor-spacer\">\n\t\t\t<div class=\"elementor-spacer-inner\"><\/div>\n\t\t<\/div>\n\t\t\t\t<\/div>\n\t\t\t\t<\/div>\n\t\t\t\t<div class=\"elementor-element elementor-element-dbdf58a elementor-position-left elementor-widget__width-initial elementor-widget-mobile__width-inherit elementor-vertical-align-top elementor-widget elementor-widget-image-box\" data-id=\"dbdf58a\" data-element_type=\"widget\" data-widget_type=\"image-box.default\">\n\t\t\t\t<div class=\"elementor-widget-container\">\n\t\t\t<div class=\"elementor-image-box-wrapper\"><div class=\"elementor-image-box-content\"><h5 class=\"elementor-image-box-title\">La Plisan de Vigo suma su mayor empresa<\/h5><p class=\"elementor-image-box-description\">El presidente de la Xunta, Alberto N\u00fa\u00f1ez Feij\u00f3o, y la conselleira Medio Ambiente, Territorio y Vivienda, \u00c1ngeles V\u00e1zquez, se reunieron con el director de Lonza Biologics Porri\u00f1o S.L, Keith Dailey, con el que abordaron la incorporaci\u00f3n de la empresa a la Plataforma Log\u00edstica e industrial de Salvaterra-As Neves<\/p><\/div><\/div>\t\t<\/div>\n\t\t\t\t<\/div>\n\t\t\t\t<div class=\"elementor-element elementor-element-5c90804 elementor-widget__width-initial elementor-widget-mobile__width-inherit elementor-widget elementor-widget-heading\" data-id=\"5c90804\" data-element_type=\"widget\" data-widget_type=\"heading.default\">\n\t\t\t\t<div class=\"elementor-widget-container\">\n\t\t\t<h6 class=\"elementor-heading-title elementor-size-xl\"><a href=\"https:\/\/www.atlantico.net\/articulo\/vigo\/puerto-seco-vigo-suma-mayor-empresa\/20220318122537900518.html\" target=\"_blank\">Enlace<\/a><\/h6>\t\t<\/div>\n\t\t\t\t<\/div>\n\t\t\t\t\t<\/div>\n\t\t<\/div>\n\t\t\t\t<div class=\"elementor-column elementor-col-50 elementor-top-column elementor-element elementor-element-bcbc44a\" data-id=\"bcbc44a\" data-element_type=\"column\">\n\t\t\t<div class=\"elementor-widget-wrap elementor-element-populated\">\n\t\t\t\t\t\t\t\t<div class=\"elementor-element elementor-element-2823538 elementor-absolute elementor-hidden-tablet elementor-hidden-mobile elementor-widget elementor-widget-image\" data-id=\"2823538\" data-element_type=\"widget\" data-settings=\"{&quot;_position&quot;:&quot;absolute&quot;}\" data-widget_type=\"image.default\">\n\t\t\t\t<div class=\"elementor-widget-container\">\n\t\t\t\t\t\t\t\t\t\t\t\t\t\t\t<img loading=\"lazy\" decoding=\"async\" width=\"900\" height=\"500\" src=\"https:\/\/plisan.com\/wp-content\/uploads\/2022\/04\/Plisan-2-1.jpg\" class=\"attachment-large size-large\" alt=\"\" srcset=\"https:\/\/plisan.com\/wp-content\/uploads\/2022\/04\/Plisan-2-1.jpg 900w, https:\/\/plisan.com\/wp-content\/uploads\/2022\/04\/Plisan-2-1-300x167.jpg 300w, https:\/\/plisan.com\/wp-content\/uploads\/2022\/04\/Plisan-2-1-768x427.jpg 768w\" sizes=\"auto, (max-width: 900px) 100vw, 900px\" \/>\t\t\t\t\t\t\t\t\t\t\t\t\t\t\t<\/div>\n\t\t\t\t<\/div>\n\t\t\t\t\t<\/div>\n\t\t<\/div>\n\t\t\t\t\t\t\t<\/div>\n\t\t<\/section>\n\t\t\t\t<section class=\"elementor-section elementor-top-section elementor-element elementor-element-b7633f4 elementor-section-boxed elementor-section-height-default elementor-section-height-default\" data-id=\"b7633f4\" data-element_type=\"section\">\n\t\t\t\t\t\t<div class=\"elementor-container elementor-column-gap-default\">\n\t\t\t\t\t<div class=\"elementor-column elementor-col-50 elementor-top-column elementor-element elementor-element-32e1f39\" data-id=\"32e1f39\" data-element_type=\"column\">\n\t\t\t<div class=\"elementor-widget-wrap elementor-element-populated\">\n\t\t\t\t\t\t\t\t<div class=\"elementor-element elementor-element-f0a2dbd elementor-absolute elementor-hidden-mobile elementor-widget elementor-widget-image\" data-id=\"f0a2dbd\" data-element_type=\"widget\" data-settings=\"{&quot;_position&quot;:&quot;absolute&quot;}\" data-widget_type=\"image.default\">\n\t\t\t\t<div class=\"elementor-widget-container\">\n\t\t\t\t\t\t\t\t\t\t\t\t\t\t\t<img loading=\"lazy\" decoding=\"async\" width=\"1024\" height=\"576\" src=\"https:\/\/plisan.com\/wp-content\/uploads\/2022\/01\/28043469-c9ae-457e-8e62-63bbc97778ef_16-9-discover-aspect-ratio_default_0-1024x576.jpg\" class=\"attachment-large size-large\" alt=\"\" srcset=\"https:\/\/plisan.com\/wp-content\/uploads\/2022\/01\/28043469-c9ae-457e-8e62-63bbc97778ef_16-9-discover-aspect-ratio_default_0-1024x576.jpg 1024w, https:\/\/plisan.com\/wp-content\/uploads\/2022\/01\/28043469-c9ae-457e-8e62-63bbc97778ef_16-9-discover-aspect-ratio_default_0-300x169.jpg 300w, https:\/\/plisan.com\/wp-content\/uploads\/2022\/01\/28043469-c9ae-457e-8e62-63bbc97778ef_16-9-discover-aspect-ratio_default_0-768x432.jpg 768w, https:\/\/plisan.com\/wp-content\/uploads\/2022\/01\/28043469-c9ae-457e-8e62-63bbc97778ef_16-9-discover-aspect-ratio_default_0.jpg 1200w\" sizes=\"auto, (max-width: 1024px) 100vw, 1024px\" \/>\t\t\t\t\t\t\t\t\t\t\t\t\t\t\t<\/div>\n\t\t\t\t<\/div>\n\t\t\t\t\t<\/div>\n\t\t<\/div>\n\t\t\t\t<div class=\"elementor-column elementor-col-50 elementor-top-column elementor-element elementor-element-030c250\" data-id=\"030c250\" data-element_type=\"column\">\n\t\t\t<div class=\"elementor-widget-wrap elementor-element-populated\">\n\t\t\t\t\t\t\t\t<div class=\"elementor-element elementor-element-21314f1 elementor-widget elementor-widget-spacer\" data-id=\"21314f1\" data-element_type=\"widget\" data-widget_type=\"spacer.default\">\n\t\t\t\t<div class=\"elementor-widget-container\">\n\t\t\t\t\t<div class=\"elementor-spacer\">\n\t\t\t<div class=\"elementor-spacer-inner\"><\/div>\n\t\t<\/div>\n\t\t\t\t<\/div>\n\t\t\t\t<\/div>\n\t\t\t\t<div class=\"elementor-element elementor-element-3e482bb elementor-position-left elementor-widget__width-initial elementor-widget-mobile__width-inherit elementor-vertical-align-top elementor-widget elementor-widget-image-box\" data-id=\"3e482bb\" data-element_type=\"widget\" data-widget_type=\"image-box.default\">\n\t\t\t\t<div class=\"elementor-widget-container\">\n\t\t\t<div class=\"elementor-image-box-wrapper\"><div class=\"elementor-image-box-content\"><h5 class=\"elementor-image-box-title\">Xunta y Puerto de Vigo ofrecen suelo en la Plisan a los empresarios de Cabral y Mos<\/h5><p class=\"elementor-image-box-description\">La propuesta no ha convencido a los implicados, que contin\u00faan inclin\u00e1ndose por el traslado a Valen\u00e7a \"por condiciones econ\u00f3micas, agilidad administrativa y seguridad jur\u00eddica\"\n<\/p><\/div><\/div>\t\t<\/div>\n\t\t\t\t<\/div>\n\t\t\t\t<div class=\"elementor-element elementor-element-1724d7b elementor-widget__width-initial elementor-widget-mobile__width-inherit elementor-widget elementor-widget-heading\" data-id=\"1724d7b\" data-element_type=\"widget\" data-widget_type=\"heading.default\">\n\t\t\t\t<div class=\"elementor-widget-container\">\n\t\t\t<h6 class=\"elementor-heading-title elementor-size-xl\"><a href=\"https:\/\/www.elespanol.com\/treintayseis\/articulos\/economia\/xunta-y-puerto-de-vigo-proponen-suelo-en-la-plisan-a-los-empresarios-de-cabral-y-mos\" target=\"_blank\">Enlace<\/a><\/h6>\t\t<\/div>\n\t\t\t\t<\/div>\n\t\t\t\t<div class=\"elementor-element elementor-element-82b4e86 elementor-widget elementor-widget-spacer\" data-id=\"82b4e86\" data-element_type=\"widget\" data-widget_type=\"spacer.default\">\n\t\t\t\t<div class=\"elementor-widget-container\">\n\t\t\t\t\t<div class=\"elementor-spacer\">\n\t\t\t<div class=\"elementor-spacer-inner\"><\/div>\n\t\t<\/div>\n\t\t\t\t<\/div>\n\t\t\t\t<\/div>\n\t\t\t\t<div class=\"elementor-element elementor-element-3edb721 elementor-position-left elementor-widget__width-initial elementor-widget-mobile__width-inherit elementor-vertical-align-top elementor-widget elementor-widget-image-box\" data-id=\"3edb721\" data-element_type=\"widget\" data-widget_type=\"image-box.default\">\n\t\t\t\t<div class=\"elementor-widget-container\">\n\t\t\t<div class=\"elementor-image-box-wrapper\"><div class=\"elementor-image-box-content\"><h5 class=\"elementor-image-box-title\">El Puerto licita la ampliaci\u00f3n del servicio el\u00e9ctrico de la Plisan por casi 3,5 millones<\/h5><p class=\"elementor-image-box-description\">Paso adelante en la configuraci\u00f3n de la Plataforma Log\u00edstica e Industrial de Salvaterra-As Neves (Plisan). La Autoridad Portuaria de Vigo licit\u00f3 el refuerzo y ampliaci\u00f3n de las infraestructuras el\u00e9ctricas con el objetivo de dotar a este espacio de las condiciones que precisa para dar cobijo a las empresas. <\/p><\/div><\/div>\t\t<\/div>\n\t\t\t\t<\/div>\n\t\t\t\t<div class=\"elementor-element elementor-element-796e9f3 elementor-widget__width-initial elementor-widget-mobile__width-inherit elementor-widget elementor-widget-heading\" data-id=\"796e9f3\" data-element_type=\"widget\" data-widget_type=\"heading.default\">\n\t\t\t\t<div class=\"elementor-widget-container\">\n\t\t\t<h6 class=\"elementor-heading-title elementor-size-xl\"><a href=\"https:\/\/www.farodevigo.es\/gran-vigo\/2022\/01\/24\/puerto-licita-ampliacion-servicio-electrico-61878177.html\" target=\"_blank\">Enlace<\/a><\/h6>\t\t<\/div>\n\t\t\t\t<\/div>\n\t\t\t\t<div class=\"elementor-element elementor-element-ea67995 elementor-widget elementor-widget-spacer\" data-id=\"ea67995\" data-element_type=\"widget\" data-widget_type=\"spacer.default\">\n\t\t\t\t<div class=\"elementor-widget-container\">\n\t\t\t\t\t<div class=\"elementor-spacer\">\n\t\t\t<div class=\"elementor-spacer-inner\"><\/div>\n\t\t<\/div>\n\t\t\t\t<\/div>\n\t\t\t\t<\/div>\n\t\t\t\t<div class=\"elementor-element elementor-element-ff49cf0 elementor-position-left elementor-widget__width-initial elementor-widget-mobile__width-inherit elementor-vertical-align-top elementor-widget elementor-widget-image-box\" data-id=\"ff49cf0\" data-element_type=\"widget\" data-widget_type=\"image-box.default\">\n\t\t\t\t<div class=\"elementor-widget-container\">\n\t\t\t<div class=\"elementor-image-box-wrapper\"><div class=\"elementor-image-box-content\"><h5 class=\"elementor-image-box-title\">BETA Implants refuerza su apuesta por la Plisan con la compra de una segunda parcela<\/h5><p class=\"elementor-image-box-description\">Arbinova, la matriz de la compa\u00f1\u00eda gallega de pr\u00f3tesis veterinarias BETA Implants, firm\u00f3 ayer la compra de una segunda parcela en la plataforma log\u00edstica de Salvaterra (Plisan) para la construcci\u00f3n de su nueva planta.<\/p><\/div><\/div>\t\t<\/div>\n\t\t\t\t<\/div>\n\t\t\t\t<div class=\"elementor-element elementor-element-60e1b99 elementor-widget__width-initial elementor-widget-mobile__width-inherit elementor-widget elementor-widget-heading\" data-id=\"60e1b99\" data-element_type=\"widget\" data-widget_type=\"heading.default\">\n\t\t\t\t<div class=\"elementor-widget-container\">\n\t\t\t<h6 class=\"elementor-heading-title elementor-size-xl\"><a href=\"https:\/\/www.farodevigo.es\/gran-vigo\/2022\/01\/12\/beta-implants-refuerza-apuesta-plisan-61474883.html\" target=\"_blank\">Enlace<\/a><\/h6>\t\t<\/div>\n\t\t\t\t<\/div>\n\t\t\t\t<div class=\"elementor-element elementor-element-eac8e76 elementor-widget elementor-widget-spacer\" data-id=\"eac8e76\" data-element_type=\"widget\" data-widget_type=\"spacer.default\">\n\t\t\t\t<div class=\"elementor-widget-container\">\n\t\t\t\t\t<div class=\"elementor-spacer\">\n\t\t\t<div class=\"elementor-spacer-inner\"><\/div>\n\t\t<\/div>\n\t\t\t\t<\/div>\n\t\t\t\t<\/div>\n\t\t\t\t\t<\/div>\n\t\t<\/div>\n\t\t\t\t\t\t\t<\/div>\n\t\t<\/section>\n\t\t\t\t<section class=\"elementor-section elementor-top-section elementor-element elementor-element-8decc60 elementor-section-boxed elementor-section-height-default elementor-section-height-default\" data-id=\"8decc60\" data-element_type=\"section\">\n\t\t\t\t\t\t<div class=\"elementor-container elementor-column-gap-default\">\n\t\t\t\t\t<div class=\"elementor-column elementor-col-100 elementor-top-column elementor-element elementor-element-76284ed\" data-id=\"76284ed\" data-element_type=\"column\">\n\t\t\t<div class=\"elementor-widget-wrap elementor-element-populated\">\n\t\t\t\t\t\t\t\t<div class=\"elementor-element elementor-element-4862ec6 elementor-widget__width-initial elementor-absolute elementor-hidden-mobile elementor-widget elementor-widget-image\" data-id=\"4862ec6\" data-element_type=\"widget\" data-settings=\"{&quot;_position&quot;:&quot;absolute&quot;}\" data-widget_type=\"image.default\">\n\t\t\t\t<div class=\"elementor-widget-container\">\n\t\t\t\t\t\t\t\t\t\t\t\t\t\t\t<img loading=\"lazy\" decoding=\"async\" width=\"640\" height=\"360\" src=\"https:\/\/plisan.com\/wp-content\/uploads\/2022\/01\/plisan-640x360-1.jpg\" class=\"attachment-large size-large\" alt=\"\" srcset=\"https:\/\/plisan.com\/wp-content\/uploads\/2022\/01\/plisan-640x360-1.jpg 640w, https:\/\/plisan.com\/wp-content\/uploads\/2022\/01\/plisan-640x360-1-300x169.jpg 300w\" sizes=\"auto, (max-width: 640px) 100vw, 640px\" \/>\t\t\t\t\t\t\t\t\t\t\t\t\t\t\t<\/div>\n\t\t\t\t<\/div>\n\t\t\t\t\t<\/div>\n\t\t<\/div>\n\t\t\t\t\t\t\t<\/div>\n\t\t<\/section>\n\t\t\t\t<section class=\"elementor-section elementor-top-section elementor-element elementor-element-32a607e elementor-section-boxed elementor-section-height-default elementor-section-height-default\" data-id=\"32a607e\" data-element_type=\"section\">\n\t\t\t\t\t\t<div class=\"elementor-container elementor-column-gap-default\">\n\t\t\t\t\t<div class=\"elementor-column elementor-col-100 elementor-top-column elementor-element elementor-element-e5ebcbc\" data-id=\"e5ebcbc\" data-element_type=\"column\">\n\t\t\t<div class=\"elementor-widget-wrap elementor-element-populated\">\n\t\t\t\t\t\t\t\t<div class=\"elementor-element elementor-element-a660de4 elementor-widget__width-auto elementor-widget elementor-widget-heading\" data-id=\"a660de4\" data-element_type=\"widget\" data-widget_type=\"heading.default\">\n\t\t\t\t<div class=\"elementor-widget-container\">\n\t\t\t<h2 class=\"elementor-heading-title elementor-size-default\">Noticias 2021<\/h2>\t\t<\/div>\n\t\t\t\t<\/div>\n\t\t\t\t<div class=\"elementor-element elementor-element-27720a8 elementor-widget elementor-widget-spacer\" data-id=\"27720a8\" data-element_type=\"widget\" data-widget_type=\"spacer.default\">\n\t\t\t\t<div class=\"elementor-widget-container\">\n\t\t\t\t\t<div class=\"elementor-spacer\">\n\t\t\t<div class=\"elementor-spacer-inner\"><\/div>\n\t\t<\/div>\n\t\t\t\t<\/div>\n\t\t\t\t<\/div>\n\t\t\t\t<div class=\"elementor-element elementor-element-46efafb elementor-position-left elementor-widget__width-initial elementor-widget-mobile__width-inherit elementor-vertical-align-top elementor-widget elementor-widget-image-box\" data-id=\"46efafb\" data-element_type=\"widget\" data-widget_type=\"image-box.default\">\n\t\t\t\t<div class=\"elementor-widget-container\">\n\t\t\t<div class=\"elementor-image-box-wrapper\"><div class=\"elementor-image-box-content\"><h5 class=\"elementor-image-box-title\">Salvaterra exige que se apueste por la Plisan para el circuito de alta velocidad<\/h5><p class=\"elementor-image-box-description\">La alcaldesa pide explicaciones a Zona Franca por la intenci\u00f3n de mover el proyecto | Cree que fue \u201cmetido a calzador\u201d en A Ca\u00f1iza por inter\u00e9s pol\u00edtico<\/p><\/div><\/div>\t\t<\/div>\n\t\t\t\t<\/div>\n\t\t\t\t<div class=\"elementor-element elementor-element-2d1fd11 elementor-widget__width-initial elementor-widget-mobile__width-inherit elementor-widget elementor-widget-heading\" data-id=\"2d1fd11\" data-element_type=\"widget\" data-widget_type=\"heading.default\">\n\t\t\t\t<div class=\"elementor-widget-container\">\n\t\t\t<h6 class=\"elementor-heading-title elementor-size-xl\"><a href=\"https:\/\/www.farodevigo.es\/comarcas\/2021\/10\/24\/salvaterra-exige-apueste-plisan-circuito-58743745.html?fbclid=IwAR0hJgvsMNuSs7eWpSrLiHidJ7njBjJg-pfTaLQio9ym0W01nazo5dOplwc\" target=\"_blank\">Enlace<\/a><\/h6>\t\t<\/div>\n\t\t\t\t<\/div>\n\t\t\t\t<div class=\"elementor-element elementor-element-806a219 elementor-widget elementor-widget-spacer\" data-id=\"806a219\" data-element_type=\"widget\" data-widget_type=\"spacer.default\">\n\t\t\t\t<div class=\"elementor-widget-container\">\n\t\t\t\t\t<div class=\"elementor-spacer\">\n\t\t\t<div class=\"elementor-spacer-inner\"><\/div>\n\t\t<\/div>\n\t\t\t\t<\/div>\n\t\t\t\t<\/div>\n\t\t\t\t<div class=\"elementor-element elementor-element-63431b5 elementor-position-left elementor-widget__width-initial elementor-widget-mobile__width-inherit elementor-vertical-align-top elementor-widget elementor-widget-image-box\" data-id=\"63431b5\" data-element_type=\"widget\" data-widget_type=\"image-box.default\">\n\t\t\t\t<div class=\"elementor-widget-container\">\n\t\t\t<div class=\"elementor-image-box-wrapper\"><div class=\"elementor-image-box-content\"><h5 class=\"elementor-image-box-title\">El circuito del CTAG gana 55.000 m\u00b2 para las seis pistas en una nueva localizaci\u00f3n<\/h5><p class=\"elementor-image-box-description\">Deja la idea de la Plisan y crece hasta los 955.300 metros cuadrados en una zona de A Ca\u00f1iza pegada a la A-52. La Xunta, Zona Franca y Concello ir\u00e1n de la mano para un proyecto estrat\u00e9gico.<\/p><\/div><\/div>\t\t<\/div>\n\t\t\t\t<\/div>\n\t\t\t\t<div class=\"elementor-element elementor-element-58922e8 elementor-widget__width-initial elementor-widget-mobile__width-inherit elementor-widget elementor-widget-heading\" data-id=\"58922e8\" data-element_type=\"widget\" data-widget_type=\"heading.default\">\n\t\t\t\t<div class=\"elementor-widget-container\">\n\t\t\t<h6 class=\"elementor-heading-title elementor-size-xl\"><a href=\"https:\/\/www.farodevigo.es\/economia\/2021\/10\/03\/circuito-ctag-gana-55-000-57948600.html\" target=\"_blank\">Enlace<\/a><\/h6>\t\t<\/div>\n\t\t\t\t<\/div>\n\t\t\t\t<div class=\"elementor-element elementor-element-496f1cf elementor-widget elementor-widget-spacer\" data-id=\"496f1cf\" data-element_type=\"widget\" data-widget_type=\"spacer.default\">\n\t\t\t\t<div class=\"elementor-widget-container\">\n\t\t\t\t\t<div class=\"elementor-spacer\">\n\t\t\t<div class=\"elementor-spacer-inner\"><\/div>\n\t\t<\/div>\n\t\t\t\t<\/div>\n\t\t\t\t<\/div>\n\t\t\t\t<div class=\"elementor-element elementor-element-77bf5c3 elementor-position-left elementor-widget__width-initial elementor-widget-mobile__width-inherit elementor-vertical-align-top elementor-widget elementor-widget-image-box\" data-id=\"77bf5c3\" data-element_type=\"widget\" data-widget_type=\"image-box.default\">\n\t\t\t\t<div class=\"elementor-widget-container\">\n\t\t\t<div class=\"elementor-image-box-wrapper\"><div class=\"elementor-image-box-content\"><h5 class=\"elementor-image-box-title\">La Plisan tendr\u00e1 conexi\u00f3n con l\u00ednea ferroviaria<\/h5><p class=\"elementor-image-box-description\">La Xunta inicia el tr\u00e1mite ambiental para dotar de un apartadero ferroviario a la plataforma log\u00edstica-industrial de Salvaterra-As Neves, que permitir\u00e1 completar la intermodalidad del parque empresarial. Tendr\u00e1 conexi\u00f3n directa con la l\u00ednea ferroviaria Monforte-Ourense-Vigo y, a trav\u00e9s de ella, con el puerto de Vigo. El \u00e1rea estar\u00e1 conectada con la A-52 y, al mismo tiempo , el ferrocarril conectar\u00e1 la plataforma con el puerto vigu\u00e9s para el transporte mar\u00edtimo.<\/p><\/div><\/div>\t\t<\/div>\n\t\t\t\t<\/div>\n\t\t\t\t<div class=\"elementor-element elementor-element-6639dc9 elementor-widget__width-initial elementor-widget-mobile__width-inherit elementor-widget elementor-widget-heading\" data-id=\"6639dc9\" data-element_type=\"widget\" data-widget_type=\"heading.default\">\n\t\t\t\t<div class=\"elementor-widget-container\">\n\t\t\t<h6 class=\"elementor-heading-title elementor-size-xl\"><a href=\"https:\/\/www.farodevigo.es\/gran-vigo\/2021\/09\/19\/plisan-coge-fuerza-veintena-57436349.html\" target=\"_blank\">Enlace<\/a><\/h6>\t\t<\/div>\n\t\t\t\t<\/div>\n\t\t\t\t\t<\/div>\n\t\t<\/div>\n\t\t\t\t\t\t\t<\/div>\n\t\t<\/section>\n\t\t\t\t<section class=\"elementor-section elementor-top-section elementor-element elementor-element-fa721b0 elementor-section-boxed elementor-section-height-default elementor-section-height-default\" data-id=\"fa721b0\" data-element_type=\"section\">\n\t\t\t\t\t\t<div class=\"elementor-container elementor-column-gap-default\">\n\t\t\t\t\t<div class=\"elementor-column elementor-col-100 elementor-top-column elementor-element elementor-element-223225c\" data-id=\"223225c\" data-element_type=\"column\">\n\t\t\t<div class=\"elementor-widget-wrap elementor-element-populated\">\n\t\t\t\t\t\t\t\t<div class=\"elementor-element elementor-element-f6ecc94 elementor-widget elementor-widget-spacer\" data-id=\"f6ecc94\" data-element_type=\"widget\" data-widget_type=\"spacer.default\">\n\t\t\t\t<div class=\"elementor-widget-container\">\n\t\t\t\t\t<div class=\"elementor-spacer\">\n\t\t\t<div class=\"elementor-spacer-inner\"><\/div>\n\t\t<\/div>\n\t\t\t\t<\/div>\n\t\t\t\t<\/div>\n\t\t\t\t\t<\/div>\n\t\t<\/div>\n\t\t\t\t\t\t\t<\/div>\n\t\t<\/section>\n\t\t\t\t<section class=\"elementor-section elementor-top-section elementor-element elementor-element-8e01509 elementor-section-full_width elementor-section-content-middle elementor-section-height-default elementor-section-height-default\" data-id=\"8e01509\" data-element_type=\"section\">\n\t\t\t\t\t\t<div class=\"elementor-container elementor-column-gap-no\">\n\t\t\t\t\t<div class=\"elementor-column elementor-col-50 elementor-top-column elementor-element elementor-element-1b113bf\" data-id=\"1b113bf\" data-element_type=\"column\">\n\t\t\t<div class=\"elementor-widget-wrap elementor-element-populated\">\n\t\t\t\t\t\t\t\t<div class=\"elementor-element elementor-element-680fe1b elementor-absolute elementor-widget elementor-widget-image\" data-id=\"680fe1b\" data-element_type=\"widget\" data-settings=\"{&quot;_position&quot;:&quot;absolute&quot;}\" data-widget_type=\"image.default\">\n\t\t\t\t<div class=\"elementor-widget-container\">\n\t\t\t\t\t\t\t\t\t\t\t\t\t\t\t<img loading=\"lazy\" decoding=\"async\" width=\"1706\" height=\"960\" src=\"https:\/\/plisan.com\/wp-content\/uploads\/2021\/08\/Zona-Franca-1706x960-1.jpg\" class=\"attachment-full size-full\" alt=\"\" srcset=\"https:\/\/plisan.com\/wp-content\/uploads\/2021\/08\/Zona-Franca-1706x960-1.jpg 1706w, https:\/\/plisan.com\/wp-content\/uploads\/2021\/08\/Zona-Franca-1706x960-1-300x169.jpg 300w, https:\/\/plisan.com\/wp-content\/uploads\/2021\/08\/Zona-Franca-1706x960-1-1024x576.jpg 1024w, https:\/\/plisan.com\/wp-content\/uploads\/2021\/08\/Zona-Franca-1706x960-1-768x432.jpg 768w, https:\/\/plisan.com\/wp-content\/uploads\/2021\/08\/Zona-Franca-1706x960-1-1536x864.jpg 1536w\" sizes=\"auto, (max-width: 1706px) 100vw, 1706px\" \/>\t\t\t\t\t\t\t\t\t\t\t\t\t\t\t<\/div>\n\t\t\t\t<\/div>\n\t\t\t\t\t<\/div>\n\t\t<\/div>\n\t\t\t\t<div class=\"elementor-column elementor-col-50 elementor-top-column elementor-element elementor-element-f77bcdb\" data-id=\"f77bcdb\" data-element_type=\"column\">\n\t\t\t<div class=\"elementor-widget-wrap elementor-element-populated\">\n\t\t\t\t\t\t\t\t<section class=\"elementor-section elementor-inner-section elementor-element elementor-element-4adf9a2 elementor-section-boxed elementor-section-height-default elementor-section-height-default\" data-id=\"4adf9a2\" data-element_type=\"section\">\n\t\t\t\t\t\t<div class=\"elementor-container elementor-column-gap-no\">\n\t\t\t\t\t<div class=\"elementor-column elementor-col-100 elementor-inner-column elementor-element elementor-element-1491868\" data-id=\"1491868\" data-element_type=\"column\">\n\t\t\t<div class=\"elementor-widget-wrap elementor-element-populated\">\n\t\t\t\t\t\t\t\t<div class=\"elementor-element elementor-element-ca16866 elementor-position-left elementor-widget__width-initial elementor-widget-mobile__width-inherit elementor-vertical-align-top elementor-widget elementor-widget-image-box\" data-id=\"ca16866\" data-element_type=\"widget\" data-widget_type=\"image-box.default\">\n\t\t\t\t<div class=\"elementor-widget-container\">\n\t\t\t<div class=\"elementor-image-box-wrapper\"><div class=\"elementor-image-box-content\"><h5 class=\"elementor-image-box-title\">Zona Franca avanza una potente inversi\u00f3n p\u00fablica en Vigo en sus presupuestos de 2022<\/h5><p class=\"elementor-image-box-description\">Casi 44 millones de euros en los que destacar\u00e1n proyectos como el pol\u00edgono de Bala\u00eddos, la Plisan o el Parque Tecnol\u00f3gico. La Panificadora recibir\u00e1 5,4 millones y se construir\u00e1 el edificio que alojar\u00e1 el World Car Center<\/p><\/div><\/div>\t\t<\/div>\n\t\t\t\t<\/div>\n\t\t\t\t\t<\/div>\n\t\t<\/div>\n\t\t\t\t\t\t\t<\/div>\n\t\t<\/section>\n\t\t\t\t<div class=\"elementor-element elementor-element-9459306 elementor-widget__width-initial elementor-widget-mobile__width-inherit elementor-widget elementor-widget-heading\" data-id=\"9459306\" data-element_type=\"widget\" data-widget_type=\"heading.default\">\n\t\t\t\t<div class=\"elementor-widget-container\">\n\t\t\t<h6 class=\"elementor-heading-title elementor-size-xl\"><a href=\"https:\/\/www.elespanol.com\/treintayseis\/articulos\/actualidad\/zona-franca-avanza-una-potente-inversion-publica-en-vigo-en-sus-presupuestos-de-2022\" target=\"_blank\">Enlace<\/a><\/h6>\t\t<\/div>\n\t\t\t\t<\/div>\n\t\t\t\t<section class=\"elementor-section elementor-inner-section elementor-element elementor-element-95d430c elementor-section-boxed elementor-section-height-default elementor-section-height-default\" data-id=\"95d430c\" data-element_type=\"section\">\n\t\t\t\t\t\t<div class=\"elementor-container elementor-column-gap-no\">\n\t\t\t\t\t<div class=\"elementor-column elementor-col-100 elementor-inner-column elementor-element elementor-element-618e639\" data-id=\"618e639\" data-element_type=\"column\">\n\t\t\t<div class=\"elementor-widget-wrap elementor-element-populated\">\n\t\t\t\t\t\t\t\t<div class=\"elementor-element elementor-element-65a88f2 elementor-position-left elementor-widget__width-initial elementor-widget-mobile__width-inherit elementor-vertical-align-top elementor-widget elementor-widget-image-box\" data-id=\"65a88f2\" data-element_type=\"widget\" data-widget_type=\"image-box.default\">\n\t\t\t\t<div class=\"elementor-widget-container\">\n\t\t\t<div class=\"elementor-image-box-wrapper\"><div class=\"elementor-image-box-content\"><h5 class=\"elementor-image-box-title\"><a href=\"https:\/\/www.farodevigo.es\/gran-vigo\/2021\/07\/16\/xunta-activa-millones-metros-cuadrados-55103960.html\" target=\"_blank\">La Xunta activa casi dos millones de metros cuadrados de suelo industrial en la comarca<\/a><\/h5><p class=\"elementor-image-box-description\">En cantidad y con urgencia. Tanto, que reforzar la bolsa de terreno a disposici\u00f3n de las empresas es uno de los grandes objetivos que se han fijado Zona Franca y Concello.<\/p><\/div><\/div>\t\t<\/div>\n\t\t\t\t<\/div>\n\t\t\t\t\t<\/div>\n\t\t<\/div>\n\t\t\t\t\t\t\t<\/div>\n\t\t<\/section>\n\t\t\t\t<div class=\"elementor-element elementor-element-942f698 elementor-widget__width-initial elementor-widget-mobile__width-inherit elementor-widget elementor-widget-heading\" data-id=\"942f698\" data-element_type=\"widget\" data-widget_type=\"heading.default\">\n\t\t\t\t<div class=\"elementor-widget-container\">\n\t\t\t<h6 class=\"elementor-heading-title elementor-size-xl\"><a href=\"https:\/\/www.farodevigo.es\/gran-vigo\/2021\/07\/16\/xunta-activa-millones-metros-cuadrados-55103960.html#:~:text=Estela%2B-,La%20Xunta%20activa%20casi%20dos%20millones%20de%20metros,suelo%20industrial%20en%20la%20comarca&#038;text=Vigo%20necesita%20suelo%20industrial.,fijado%20Zona%20Franca%20y%20Concello.\" target=\"_blank\">Enlace<\/a><\/h6>\t\t<\/div>\n\t\t\t\t<\/div>\n\t\t\t\t<section class=\"elementor-section elementor-inner-section elementor-element elementor-element-88b6ba9 elementor-section-boxed elementor-section-height-default elementor-section-height-default\" data-id=\"88b6ba9\" data-element_type=\"section\">\n\t\t\t\t\t\t<div class=\"elementor-container elementor-column-gap-no\">\n\t\t\t\t\t<div class=\"elementor-column elementor-col-100 elementor-inner-column elementor-element elementor-element-588e9a0\" data-id=\"588e9a0\" data-element_type=\"column\">\n\t\t\t<div class=\"elementor-widget-wrap elementor-element-populated\">\n\t\t\t\t\t\t\t\t<div class=\"elementor-element elementor-element-6904117 elementor-position-left elementor-widget__width-initial elementor-widget-mobile__width-inherit elementor-vertical-align-top elementor-widget elementor-widget-image-box\" data-id=\"6904117\" data-element_type=\"widget\" data-widget_type=\"image-box.default\">\n\t\t\t\t<div class=\"elementor-widget-container\">\n\t\t\t<div class=\"elementor-image-box-wrapper\"><div class=\"elementor-image-box-content\"><h5 class=\"elementor-image-box-title\">El mantenimiento y gesti\u00f3n de la Plisan correr\u00e1 a cargo de una consultor\u00eda viguesa<\/h5><p class=\"elementor-image-box-description\">La empresa G.O.C., S.A. ser\u00e1 la encargada del mantenimiento de la Plataforma Log\u00edstica e Industrial durante los pr\u00f3ximos cinco a\u00f1os, bajo la supervisi\u00f3n de la Autoridad Portuaria de Vigo, la Xunta de Galicia y el Consorcio de la Zona Franca de Vigo<\/p><\/div><\/div>\t\t<\/div>\n\t\t\t\t<\/div>\n\t\t\t\t\t<\/div>\n\t\t<\/div>\n\t\t\t\t\t\t\t<\/div>\n\t\t<\/section>\n\t\t\t\t<div class=\"elementor-element elementor-element-3d2ef56 elementor-widget__width-initial elementor-widget-mobile__width-inherit elementor-widget elementor-widget-heading\" data-id=\"3d2ef56\" data-element_type=\"widget\" data-widget_type=\"heading.default\">\n\t\t\t\t<div class=\"elementor-widget-container\">\n\t\t\t<h6 class=\"elementor-heading-title elementor-size-xl\"><a href=\"https:\/\/www.elespanol.com\/treintayseis\/articulos\/actualidad\/el-mantenimiento-y-gestion-de-la-plisan-correra-a-cargo-de-una-consultoria-viguesa\" target=\"_blank\">Enlace<\/a><\/h6>\t\t<\/div>\n\t\t\t\t<\/div>\n\t\t\t\t<section class=\"elementor-section elementor-inner-section elementor-element elementor-element-b2fd9de elementor-section-boxed elementor-section-height-default elementor-section-height-default\" data-id=\"b2fd9de\" data-element_type=\"section\">\n\t\t\t\t\t\t<div class=\"elementor-container elementor-column-gap-no\">\n\t\t\t\t\t<div class=\"elementor-column elementor-col-100 elementor-inner-column elementor-element elementor-element-f6ca66e\" data-id=\"f6ca66e\" data-element_type=\"column\">\n\t\t\t<div class=\"elementor-widget-wrap elementor-element-populated\">\n\t\t\t\t\t\t\t\t<div class=\"elementor-element elementor-element-5e7f423 elementor-position-left elementor-widget__width-initial elementor-widget-mobile__width-inherit elementor-vertical-align-top elementor-widget elementor-widget-image-box\" data-id=\"5e7f423\" data-element_type=\"widget\" data-widget_type=\"image-box.default\">\n\t\t\t\t<div class=\"elementor-widget-container\">\n\t\t\t<div class=\"elementor-image-box-wrapper\"><div class=\"elementor-image-box-content\"><h5 class=\"elementor-image-box-title\">Una segunda firma llega a la Plisan para poder crecer<\/h5><p class=\"elementor-image-box-description\">BETA Implants firm\u00f3 el acuerdo con los socios de la plataforma log\u00edstica. Con la conservera Albo son los pioneros<\/p><\/div><\/div>\t\t<\/div>\n\t\t\t\t<\/div>\n\t\t\t\t<div class=\"elementor-element elementor-element-45117d2 elementor-widget__width-initial elementor-widget-mobile__width-inherit elementor-widget elementor-widget-heading\" data-id=\"45117d2\" data-element_type=\"widget\" data-widget_type=\"heading.default\">\n\t\t\t\t<div class=\"elementor-widget-container\">\n\t\t\t<h6 class=\"elementor-heading-title elementor-size-xl\"><a href=\"https:\/\/www.atlantico.net\/articulo\/vigo\/segunda-firma-llega-plisan-poder-crecer\/20210301230039824808.html\" target=\"_blank\">Enlace<\/a><\/h6>\t\t<\/div>\n\t\t\t\t<\/div>\n\t\t\t\t\t<\/div>\n\t\t<\/div>\n\t\t\t\t\t\t\t<\/div>\n\t\t<\/section>\n\t\t\t\t\t<\/div>\n\t\t<\/div>\n\t\t\t\t\t\t\t<\/div>\n\t\t<\/section>\n\t\t\t\t<section class=\"elementor-section elementor-top-section elementor-element elementor-element-5485801 elementor-section-full_width elementor-section-content-middle elementor-reverse-mobile elementor-section-height-default elementor-section-height-default\" data-id=\"5485801\" data-element_type=\"section\">\n\t\t\t\t\t\t<div class=\"elementor-container elementor-column-gap-no\">\n\t\t\t\t\t<div class=\"elementor-column elementor-col-50 elementor-top-column elementor-element elementor-element-e035f31\" data-id=\"e035f31\" data-element_type=\"column\">\n\t\t\t<div class=\"elementor-widget-wrap elementor-element-populated\">\n\t\t\t\t\t\t\t\t<div class=\"elementor-element elementor-element-ffd7966 elementor-widget elementor-widget-heading\" data-id=\"ffd7966\" data-element_type=\"widget\" data-widget_type=\"heading.default\">\n\t\t\t\t<div class=\"elementor-widget-container\">\n\t\t\t<h2 class=\"elementor-heading-title elementor-size-default\">Noticias 2020<\/h2>\t\t<\/div>\n\t\t\t\t<\/div>\n\t\t\t\t<section class=\"elementor-section elementor-inner-section elementor-element elementor-element-18982a8 elementor-section-boxed elementor-section-height-default elementor-section-height-default\" data-id=\"18982a8\" data-element_type=\"section\">\n\t\t\t\t\t\t<div class=\"elementor-container elementor-column-gap-no\">\n\t\t\t\t\t<div class=\"elementor-column elementor-col-100 elementor-inner-column elementor-element elementor-element-6cdba91\" data-id=\"6cdba91\" data-element_type=\"column\">\n\t\t\t<div class=\"elementor-widget-wrap elementor-element-populated\">\n\t\t\t\t\t\t\t\t<div class=\"elementor-element elementor-element-c5759b6 elementor-position-left elementor-widget__width-initial elementor-widget-mobile__width-inherit elementor-vertical-align-top elementor-widget elementor-widget-image-box\" data-id=\"c5759b6\" data-element_type=\"widget\" data-widget_type=\"image-box.default\">\n\t\t\t\t<div class=\"elementor-widget-container\">\n\t\t\t<div class=\"elementor-image-box-wrapper\"><div class=\"elementor-image-box-content\"><h5 class=\"elementor-image-box-title\">El Puerto Seco afronta su segunda oportunidad<\/h5><p class=\"elementor-image-box-description\">En la primera puja s\u00f3lo se cubri\u00f3 el 20% del terreno ofertado. En esta ocasi\u00f3n ser\u00e1n 250.000 metros y se espera mejor resultado<\/p><\/div><\/div>\t\t<\/div>\n\t\t\t\t<\/div>\n\t\t\t\t\t<\/div>\n\t\t<\/div>\n\t\t\t\t\t\t\t<\/div>\n\t\t<\/section>\n\t\t\t\t<div class=\"elementor-element elementor-element-969a8e1 elementor-widget__width-initial elementor-widget-mobile__width-inherit elementor-widget elementor-widget-heading\" data-id=\"969a8e1\" data-element_type=\"widget\" data-widget_type=\"heading.default\">\n\t\t\t\t<div class=\"elementor-widget-container\">\n\t\t\t<h6 class=\"elementor-heading-title elementor-size-xl\"><a href=\"https:\/\/www.atlantico.net\/articulo\/vigo\/puerto-seco-afronta-segunda-oportunidad\/20210418234942833519.html\" target=\"_blank\">Enlace<\/a><\/h6>\t\t<\/div>\n\t\t\t\t<\/div>\n\t\t\t\t<section class=\"elementor-section elementor-inner-section elementor-element elementor-element-13ec7d5 elementor-section-boxed elementor-section-height-default elementor-section-height-default\" data-id=\"13ec7d5\" data-element_type=\"section\">\n\t\t\t\t\t\t<div class=\"elementor-container elementor-column-gap-no\">\n\t\t\t\t\t<div class=\"elementor-column elementor-col-100 elementor-inner-column elementor-element elementor-element-2164dc9\" data-id=\"2164dc9\" data-element_type=\"column\">\n\t\t\t<div class=\"elementor-widget-wrap elementor-element-populated\">\n\t\t\t\t\t\t\t\t<div class=\"elementor-element elementor-element-6c176eb elementor-position-left elementor-widget__width-initial elementor-widget-mobile__width-inherit elementor-vertical-align-top elementor-widget elementor-widget-image-box\" data-id=\"6c176eb\" data-element_type=\"widget\" data-widget_type=\"image-box.default\">\n\t\t\t\t<div class=\"elementor-widget-container\">\n\t\t\t<div class=\"elementor-image-box-wrapper\"><div class=\"elementor-image-box-content\"><h5 class=\"elementor-image-box-title\">Barro, Salvaterra y As Pontes: las opciones para acoger un nuevo complejo de Ence<\/h5><p class=\"elementor-image-box-description\">El Gobierno central est\u00e1 dispuesto a ofrecer al menos tres ubicaciones posibles dentro de Galicia para una nueva implantaci\u00f3n del grupo<\/p><\/div><\/div>\t\t<\/div>\n\t\t\t\t<\/div>\n\t\t\t\t\t<\/div>\n\t\t<\/div>\n\t\t\t\t\t\t\t<\/div>\n\t\t<\/section>\n\t\t\t\t<div class=\"elementor-element elementor-element-77fff31 elementor-widget__width-initial elementor-widget-mobile__width-inherit elementor-widget elementor-widget-heading\" data-id=\"77fff31\" data-element_type=\"widget\" data-widget_type=\"heading.default\">\n\t\t\t\t<div class=\"elementor-widget-container\">\n\t\t\t<h6 class=\"elementor-heading-title elementor-size-xl\"><a href=\"https:\/\/www.diariodepontevedra.es\/articulo\/pontevedra\/barro-meis-plisan-pontes-asi-son-opciones-ence\/202103141048021131449.html\" target=\"_blank\">Enlace<\/a><\/h6>\t\t<\/div>\n\t\t\t\t<\/div>\n\t\t\t\t<section class=\"elementor-section elementor-inner-section elementor-element elementor-element-cb6c479 elementor-section-boxed elementor-section-height-default elementor-section-height-default\" data-id=\"cb6c479\" data-element_type=\"section\">\n\t\t\t\t\t\t<div class=\"elementor-container elementor-column-gap-no\">\n\t\t\t\t\t<div class=\"elementor-column elementor-col-100 elementor-inner-column elementor-element elementor-element-c5e16cc\" data-id=\"c5e16cc\" data-element_type=\"column\">\n\t\t\t<div class=\"elementor-widget-wrap elementor-element-populated\">\n\t\t\t\t\t\t\t\t<div class=\"elementor-element elementor-element-a50e195 elementor-position-left elementor-widget__width-initial elementor-widget-mobile__width-inherit elementor-vertical-align-top elementor-widget elementor-widget-image-box\" data-id=\"a50e195\" data-element_type=\"widget\" data-widget_type=\"image-box.default\">\n\t\t\t\t<div class=\"elementor-widget-container\">\n\t\t\t<div class=\"elementor-image-box-wrapper\"><div class=\"elementor-image-box-content\"><h5 class=\"elementor-image-box-title\">Albo ahorrar\u00e1 el 95% del impuesto de construcci\u00f3n y obras al irse a la Plisan<\/h5><p class=\"elementor-image-box-description\">El pleno de Salvaterra aprob\u00f3 ayer la bonificaci\u00f3n con los votos del gobierno local del Partido Popular | La alcaldesa asegura que \u201capoyar a Albo es apoyar empleo y futuro\u201d<\/p><\/div><\/div>\t\t<\/div>\n\t\t\t\t<\/div>\n\t\t\t\t\t<\/div>\n\t\t<\/div>\n\t\t\t\t\t\t\t<\/div>\n\t\t<\/section>\n\t\t\t\t<div class=\"elementor-element elementor-element-8e896e5 elementor-widget__width-initial elementor-widget-mobile__width-inherit elementor-widget elementor-widget-heading\" data-id=\"8e896e5\" data-element_type=\"widget\" data-widget_type=\"heading.default\">\n\t\t\t\t<div class=\"elementor-widget-container\">\n\t\t\t<h6 class=\"elementor-heading-title elementor-size-xl\"><a href=\"https:\/\/www.farodevigo.es\/comarcas\/2020\/10\/29\/albo-ahorrara-95-impuesto-construccion-21980213.html\" target=\"_blank\">Enlace<\/a><\/h6>\t\t<\/div>\n\t\t\t\t<\/div>\n\t\t\t\t<section class=\"elementor-section elementor-inner-section elementor-element elementor-element-fafbe44 elementor-section-boxed elementor-section-height-default elementor-section-height-default\" data-id=\"fafbe44\" data-element_type=\"section\">\n\t\t\t\t\t\t<div class=\"elementor-container elementor-column-gap-no\">\n\t\t\t\t\t<div class=\"elementor-column elementor-col-100 elementor-inner-column elementor-element elementor-element-cbd3729\" data-id=\"cbd3729\" data-element_type=\"column\">\n\t\t\t<div class=\"elementor-widget-wrap elementor-element-populated\">\n\t\t\t\t\t\t\t\t<div class=\"elementor-element elementor-element-4c15faf elementor-position-left elementor-widget__width-initial elementor-widget-mobile__width-inherit elementor-vertical-align-top elementor-widget elementor-widget-image-box\" data-id=\"4c15faf\" data-element_type=\"widget\" data-widget_type=\"image-box.default\">\n\t\t\t\t<div class=\"elementor-widget-container\">\n\t\t\t<div class=\"elementor-image-box-wrapper\"><div class=\"elementor-image-box-content\"><h5 class=\"elementor-image-box-title\">La obra civil de la depuradora de la Plisan de Salvaterra-As Neves finalizar\u00e1 en agosto<\/h5><p class=\"elementor-image-box-description\">La Xunta insta al Gobierno a poner en marcha medidas que faciliten la comercializaci\u00f3n del suelo industrial<\/p><\/div><\/div>\t\t<\/div>\n\t\t\t\t<\/div>\n\t\t\t\t\t<\/div>\n\t\t<\/div>\n\t\t\t\t\t\t\t<\/div>\n\t\t<\/section>\n\t\t\t\t<div class=\"elementor-element elementor-element-8ac2d75 elementor-widget__width-initial elementor-widget-mobile__width-inherit elementor-widget elementor-widget-heading\" data-id=\"8ac2d75\" data-element_type=\"widget\" data-widget_type=\"heading.default\">\n\t\t\t\t<div class=\"elementor-widget-container\">\n\t\t\t<h6 class=\"elementor-heading-title elementor-size-xl\"><a href=\"https:\/\/www.europapress.es\/galicia\/noticia-obra-civil-depuradora-plisan-salvaterra-as-neves-finalizara-agosto-20200525165553.html\" target=\"_blank\">Enlace<\/a><\/h6>\t\t<\/div>\n\t\t\t\t<\/div>\n\t\t\t\t\t<\/div>\n\t\t<\/div>\n\t\t\t\t<div class=\"elementor-column elementor-col-50 elementor-top-column elementor-element elementor-element-5a5c404\" data-id=\"5a5c404\" data-element_type=\"column\">\n\t\t\t<div class=\"elementor-widget-wrap elementor-element-populated\">\n\t\t\t\t\t\t\t\t<div class=\"elementor-element elementor-element-aeffbbf elementor-widget elementor-widget-image\" data-id=\"aeffbbf\" data-element_type=\"widget\" data-widget_type=\"image.default\">\n\t\t\t\t<div class=\"elementor-widget-container\">\n\t\t\t\t\t\t\t\t\t\t\t\t\t\t\t<img loading=\"lazy\" decoding=\"async\" width=\"1366\" height=\"800\" src=\"https:\/\/plisan.com\/wp-content\/uploads\/2021\/08\/2021030123003064092.jpg\" class=\"attachment-full size-full\" alt=\"\" srcset=\"https:\/\/plisan.com\/wp-content\/uploads\/2021\/08\/2021030123003064092.jpg 1366w, https:\/\/plisan.com\/wp-content\/uploads\/2021\/08\/2021030123003064092-300x176.jpg 300w, https:\/\/plisan.com\/wp-content\/uploads\/2021\/08\/2021030123003064092-1024x600.jpg 1024w, https:\/\/plisan.com\/wp-content\/uploads\/2021\/08\/2021030123003064092-768x450.jpg 768w\" sizes=\"auto, (max-width: 1366px) 100vw, 1366px\" \/>\t\t\t\t\t\t\t\t\t\t\t\t\t\t\t<\/div>\n\t\t\t\t<\/div>\n\t\t\t\t\t<\/div>\n\t\t<\/div>\n\t\t\t\t\t\t\t<\/div>\n\t\t<\/section>\n\t\t\t\t<section class=\"elementor-section elementor-top-section elementor-element elementor-element-d555bb0 elementor-section-full_width elementor-section-content-middle elementor-section-height-default elementor-section-height-default\" data-id=\"d555bb0\" data-element_type=\"section\">\n\t\t\t\t\t\t<div class=\"elementor-container elementor-column-gap-no\">\n\t\t\t\t\t<div class=\"elementor-column elementor-col-50 elementor-top-column elementor-element elementor-element-bd737af\" data-id=\"bd737af\" data-element_type=\"column\">\n\t\t\t<div class=\"elementor-widget-wrap elementor-element-populated\">\n\t\t\t\t\t\t\t\t<div class=\"elementor-element elementor-element-749c0a3 elementor-widget elementor-widget-image\" data-id=\"749c0a3\" data-element_type=\"widget\" data-widget_type=\"image.default\">\n\t\t\t\t<div class=\"elementor-widget-container\">\n\t\t\t\t\t\t\t\t\t\t\t\t\t\t\t<img loading=\"lazy\" decoding=\"async\" width=\"2560\" height=\"1920\" src=\"https:\/\/plisan.com\/wp-content\/uploads\/2021\/09\/IMG_20210814_212816-scaled.jpg\" class=\"attachment-full size-full\" alt=\"\" srcset=\"https:\/\/plisan.com\/wp-content\/uploads\/2021\/09\/IMG_20210814_212816-scaled.jpg 2560w, https:\/\/plisan.com\/wp-content\/uploads\/2021\/09\/IMG_20210814_212816-300x225.jpg 300w, https:\/\/plisan.com\/wp-content\/uploads\/2021\/09\/IMG_20210814_212816-1024x768.jpg 1024w, https:\/\/plisan.com\/wp-content\/uploads\/2021\/09\/IMG_20210814_212816-768x576.jpg 768w, https:\/\/plisan.com\/wp-content\/uploads\/2021\/09\/IMG_20210814_212816-1536x1152.jpg 1536w, https:\/\/plisan.com\/wp-content\/uploads\/2021\/09\/IMG_20210814_212816-2048x1536.jpg 2048w\" sizes=\"auto, (max-width: 2560px) 100vw, 2560px\" \/>\t\t\t\t\t\t\t\t\t\t\t\t\t\t\t<\/div>\n\t\t\t\t<\/div>\n\t\t\t\t\t<\/div>\n\t\t<\/div>\n\t\t\t\t<div class=\"elementor-column elementor-col-50 elementor-top-column elementor-element elementor-element-823ac29\" data-id=\"823ac29\" data-element_type=\"column\">\n\t\t\t<div class=\"elementor-widget-wrap elementor-element-populated\">\n\t\t\t\t\t\t\t\t<section class=\"elementor-section elementor-inner-section elementor-element elementor-element-9852716 elementor-section-boxed elementor-section-height-default elementor-section-height-default\" data-id=\"9852716\" data-element_type=\"section\">\n\t\t\t\t\t\t<div class=\"elementor-container elementor-column-gap-no\">\n\t\t\t\t\t<div class=\"elementor-column elementor-col-100 elementor-inner-column elementor-element elementor-element-cf14050\" data-id=\"cf14050\" data-element_type=\"column\">\n\t\t\t<div class=\"elementor-widget-wrap elementor-element-populated\">\n\t\t\t\t\t\t\t\t<div class=\"elementor-element elementor-element-f0d0014 elementor-position-left elementor-widget__width-initial elementor-widget-mobile__width-inherit elementor-vertical-align-top elementor-widget elementor-widget-image-box\" data-id=\"f0d0014\" data-element_type=\"widget\" data-widget_type=\"image-box.default\">\n\t\t\t\t<div class=\"elementor-widget-container\">\n\t\t\t<div class=\"elementor-image-box-wrapper\"><div class=\"elementor-image-box-content\"><h5 class=\"elementor-image-box-title\">La Xunta crear\u00e1 un pol\u00edgono de medio mill\u00f3n de metros junto a Peinador<\/h5><p class=\"elementor-image-box-description\">El suelo estar\u00e1 subvencionado para facilitar el asentamiento de empresas<\/p><\/div><\/div>\t\t<\/div>\n\t\t\t\t<\/div>\n\t\t\t\t\t<\/div>\n\t\t<\/div>\n\t\t\t\t\t\t\t<\/div>\n\t\t<\/section>\n\t\t\t\t<div class=\"elementor-element elementor-element-044635b elementor-widget__width-initial elementor-widget-mobile__width-inherit elementor-widget elementor-widget-heading\" data-id=\"044635b\" data-element_type=\"widget\" data-widget_type=\"heading.default\">\n\t\t\t\t<div class=\"elementor-widget-container\">\n\t\t\t<h6 class=\"elementor-heading-title elementor-size-xl\"><a href=\"https:\/\/www.lavozdegalicia.es\/noticia\/vigo\/2021\/06\/03\/xunta-creara-poligono-medio-millon-metros-junto-peinador\/00031622722649259749713.htm\" target=\"_blank\">Enlace<\/a><\/h6>\t\t<\/div>\n\t\t\t\t<\/div>\n\t\t\t\t<section class=\"elementor-section elementor-inner-section elementor-element elementor-element-e08ae2e elementor-section-boxed elementor-section-height-default elementor-section-height-default\" data-id=\"e08ae2e\" data-element_type=\"section\">\n\t\t\t\t\t\t<div class=\"elementor-container elementor-column-gap-no\">\n\t\t\t\t\t<div class=\"elementor-column elementor-col-100 elementor-inner-column elementor-element elementor-element-6fa8d1d\" data-id=\"6fa8d1d\" data-element_type=\"column\">\n\t\t\t<div class=\"elementor-widget-wrap elementor-element-populated\">\n\t\t\t\t\t\t\t\t<div class=\"elementor-element elementor-element-01291b1 elementor-position-left elementor-widget__width-initial elementor-widget-mobile__width-inherit elementor-vertical-align-top elementor-widget elementor-widget-image-box\" data-id=\"01291b1\" data-element_type=\"widget\" data-widget_type=\"image-box.default\">\n\t\t\t\t<div class=\"elementor-widget-container\">\n\t\t\t<div class=\"elementor-image-box-wrapper\"><div class=\"elementor-image-box-content\"><h5 class=\"elementor-image-box-title\">Falta de caudal adecuado y la insuficiencia de terrenos deja a Ence sin alternativas en Galicia<\/h5><p class=\"elementor-image-box-description\">roblemas por un caudal inadecuado de agua y terrenos que no son lo suficientemente grandes para una f\u00e1brica como la de Louriz\u00e1n imposibilitan que la factor\u00eda de Ence en Pontevedra se pueda trasladar a alguno de las grandes \u00e1reas industriales gallegas.<\/p><\/div><\/div>\t\t<\/div>\n\t\t\t\t<\/div>\n\t\t\t\t<div class=\"elementor-element elementor-element-4d052a4 elementor-widget__width-initial elementor-widget-mobile__width-inherit elementor-widget elementor-widget-heading\" data-id=\"4d052a4\" data-element_type=\"widget\" data-widget_type=\"heading.default\">\n\t\t\t\t<div class=\"elementor-widget-container\">\n\t\t\t<h6 class=\"elementor-heading-title elementor-size-xl\"><a href=\"https:\/\/www.lavozdegalicia.es\/noticia\/pontevedra\/pontevedra\/2021\/03\/17\/falta-caudal-adecuado-insuficiencia-terrenos-deja-ence-alternativas-galicia\/0003_202103P17C2991.htm\" target=\"_blank\">Enlace<\/a><\/h6>\t\t<\/div>\n\t\t\t\t<\/div>\n\t\t\t\t\t<\/div>\n\t\t<\/div>\n\t\t\t\t\t\t\t<\/div>\n\t\t<\/section>\n\t\t\t\t<section class=\"elementor-section elementor-inner-section elementor-element elementor-element-0d9cdcc elementor-section-boxed elementor-section-height-default elementor-section-height-default\" data-id=\"0d9cdcc\" data-element_type=\"section\">\n\t\t\t\t\t\t<div class=\"elementor-container elementor-column-gap-no\">\n\t\t\t\t\t<div class=\"elementor-column elementor-col-100 elementor-inner-column elementor-element elementor-element-4109e84\" data-id=\"4109e84\" data-element_type=\"column\">\n\t\t\t<div class=\"elementor-widget-wrap elementor-element-populated\">\n\t\t\t\t\t\t\t\t<div class=\"elementor-element elementor-element-7fba2c6 elementor-position-left elementor-widget__width-initial elementor-widget-mobile__width-inherit elementor-vertical-align-top elementor-widget elementor-widget-image-box\" data-id=\"7fba2c6\" data-element_type=\"widget\" data-widget_type=\"image-box.default\">\n\t\t\t\t<div class=\"elementor-widget-container\">\n\t\t\t<div class=\"elementor-image-box-wrapper\"><div class=\"elementor-image-box-content\"><h5 class=\"elementor-image-box-title\">Hasta 15.000 aspirantes para Albo<\/h5><\/div><\/div>\t\t<\/div>\n\t\t\t\t<\/div>\n\t\t\t\t\t<\/div>\n\t\t<\/div>\n\t\t\t\t\t\t\t<\/div>\n\t\t<\/section>\n\t\t\t\t<div class=\"elementor-element elementor-element-ecb370a elementor-widget__width-initial elementor-widget-mobile__width-inherit elementor-widget elementor-widget-heading\" data-id=\"ecb370a\" data-element_type=\"widget\" data-widget_type=\"heading.default\">\n\t\t\t\t<div class=\"elementor-widget-container\">\n\t\t\t<h6 class=\"elementor-heading-title elementor-size-xl\"><a href=\"https:\/\/www.farodevigo.es\/economia\/2021\/04\/22\/15-000-aspirantes-albo-48547758.html\" target=\"_blank\">Enlace<\/a><\/h6>\t\t<\/div>\n\t\t\t\t<\/div>\n\t\t\t\t<section class=\"elementor-section elementor-inner-section elementor-element elementor-element-20d1788 elementor-section-boxed elementor-section-height-default elementor-section-height-default\" data-id=\"20d1788\" data-element_type=\"section\">\n\t\t\t\t\t\t<div class=\"elementor-container elementor-column-gap-no\">\n\t\t\t\t\t<div class=\"elementor-column elementor-col-100 elementor-inner-column elementor-element elementor-element-d9cd35c\" data-id=\"d9cd35c\" data-element_type=\"column\">\n\t\t\t<div class=\"elementor-widget-wrap elementor-element-populated\">\n\t\t\t\t\t\t\t\t<div class=\"elementor-element elementor-element-c4f69c7 elementor-position-left elementor-widget__width-initial elementor-widget-mobile__width-inherit elementor-vertical-align-top elementor-widget elementor-widget-image-box\" data-id=\"c4f69c7\" data-element_type=\"widget\" data-widget_type=\"image-box.default\">\n\t\t\t\t<div class=\"elementor-widget-container\">\n\t\t\t<div class=\"elementor-image-box-wrapper\"><div class=\"elementor-image-box-content\"><h5 class=\"elementor-image-box-title\">Zona Franca quiere impulsar la Plisan tras la alerta sanitaria<\/h5><p class=\"elementor-image-box-description\">David Regades plantea iniciar de inmediato la urbanizaci\u00f3n de la segunda fase -M\u00e1s de 400.000 metros son \u00fatiles actualmente<\/p><\/div><\/div>\t\t<\/div>\n\t\t\t\t<\/div>\n\t\t\t\t<div class=\"elementor-element elementor-element-3a78697 elementor-widget__width-initial elementor-widget-mobile__width-inherit elementor-widget elementor-widget-heading\" data-id=\"3a78697\" data-element_type=\"widget\" data-widget_type=\"heading.default\">\n\t\t\t\t<div class=\"elementor-widget-container\">\n\t\t\t<h6 class=\"elementor-heading-title elementor-size-xl\"><a href=\"https:\/\/www.farodevigo.es\/comarcas\/2020\/05\/01\/zona-franca-quiere-impulsar-plisan-15221193.html\" target=\"_blank\">Enlace<\/a><\/h6>\t\t<\/div>\n\t\t\t\t<\/div>\n\t\t\t\t\t<\/div>\n\t\t<\/div>\n\t\t\t\t\t\t\t<\/div>\n\t\t<\/section>\n\t\t\t\t\t<\/div>\n\t\t<\/div>\n\t\t\t\t\t\t\t<\/div>\n\t\t<\/section>\n\t\t\t\t<section class=\"elementor-section elementor-top-section elementor-element elementor-element-f5e1679 elementor-section-boxed elementor-section-height-default elementor-section-height-default\" data-id=\"f5e1679\" data-element_type=\"section\">\n\t\t\t\t\t\t<div class=\"elementor-container elementor-column-gap-default\">\n\t\t\t\t\t<div class=\"elementor-column elementor-col-100 elementor-top-column elementor-element elementor-element-9e9cfaa\" data-id=\"9e9cfaa\" data-element_type=\"column\">\n\t\t\t<div class=\"elementor-widget-wrap elementor-element-populated\">\n\t\t\t\t\t\t\t\t<div class=\"elementor-element elementor-element-ad1a7b8 elementor-widget elementor-widget-heading\" data-id=\"ad1a7b8\" data-element_type=\"widget\" data-widget_type=\"heading.default\">\n\t\t\t\t<div class=\"elementor-widget-container\">\n\t\t\t<h2 class=\"elementor-heading-title elementor-size-default\">Noticias 2022<\/h2>\t\t<\/div>\n\t\t\t\t<\/div>\n\t\t\t\t<div class=\"elementor-element elementor-element-c84f15f elementor-widget elementor-widget-spacer\" data-id=\"c84f15f\" data-element_type=\"widget\" data-widget_type=\"spacer.default\">\n\t\t\t\t<div class=\"elementor-widget-container\">\n\t\t\t\t\t<div class=\"elementor-spacer\">\n\t\t\t<div class=\"elementor-spacer-inner\"><\/div>\n\t\t<\/div>\n\t\t\t\t<\/div>\n\t\t\t\t<\/div>\n\t\t\t\t<div class=\"elementor-element elementor-element-3a0158b elementor-position-left elementor-widget__width-initial elementor-widget-mobile__width-inherit elementor-vertical-align-top elementor-widget elementor-widget-image-box\" data-id=\"3a0158b\" data-element_type=\"widget\" data-widget_type=\"image-box.default\">\n\t\t\t\t<div class=\"elementor-widget-container\">\n\t\t\t<div class=\"elementor-image-box-wrapper\"><div class=\"elementor-image-box-content\"><h5 class=\"elementor-image-box-title\">Xunta y Puerto de Vigo ofrecen suelo en la Plisan a los empresarios de Cabral y Mos<\/h5><p class=\"elementor-image-box-description\">a propuesta no ha convencido a los implicados, que contin\u00faan inclin\u00e1ndose por el traslado a Valen\u00e7a \"por condiciones econ\u00f3micas, agilidad administrativa y seguridad jur\u00eddica\"<\/p><\/div><\/div>\t\t<\/div>\n\t\t\t\t<\/div>\n\t\t\t\t\t<\/div>\n\t\t<\/div>\n\t\t\t\t\t\t\t<\/div>\n\t\t<\/section>\n\t\t\t\t\t\t\t<\/div>\n\t\t","protected":false},"excerpt":{"rendered":"<p>Noticias Destacadas Noticias 2022 El norte de Portugal proyecta conectar la A-28 hasta casi la Plisan por 65 millones de euros Las c\u00e1maras municipales de Valen\u00e7a, Mon\u00e7\u00e3o y Melga\u00e7o proponen prolongar la autov\u00eda desde Caminha y crear un nuevo puente sobre el Mi\u00f1o Enlace Portugal impulsa un sexto puente sobre el r\u00edo Mi\u00f1o para conectar &hellip;<\/p>\n<p class=\"read-more\"> <a class=\"\" href=\"https:\/\/plisan.com\/index.php\/historia\/\"> <span class=\"screen-reader-text\">Historia<\/span> Leer m\u00e1s &raquo;<\/a><\/p>\n","protected":false},"author":1,"featured_media":0,"parent":0,"menu_order":0,"comment_status":"closed","ping_status":"closed","template":"","meta":{"site-sidebar-layout":"no-sidebar","site-content-layout":"page-builder","ast-global-header-display":"","ast-main-header-display":"","ast-hfb-above-header-display":"","ast-hfb-below-header-display":"","ast-hfb-mobile-header-display":"","site-post-title":"disabled","ast-breadcrumbs-content":"","ast-featured-img":"disabled","footer-sml-layout":"","theme-transparent-header-meta":"enabled","adv-header-id-meta":"","stick-header-meta":"","header-above-stick-meta":"","header-main-stick-meta":"","header-below-stick-meta":"","footnotes":""},"class_list":["post-106","page","type-page","status-publish","hentry"],"_links":{"self":[{"href":"https:\/\/plisan.com\/index.php\/wp-json\/wp\/v2\/pages\/106","targetHints":{"allow":["GET"]}}],"collection":[{"href":"https:\/\/plisan.com\/index.php\/wp-json\/wp\/v2\/pages"}],"about":[{"href":"https:\/\/plisan.com\/index.php\/wp-json\/wp\/v2\/types\/page"}],"author":[{"embeddable":true,"href":"https:\/\/plisan.com\/index.php\/wp-json\/wp\/v2\/users\/1"}],"replies":[{"embeddable":true,"href":"https:\/\/plisan.com\/index.php\/wp-json\/wp\/v2\/comments?post=106"}],"version-history":[{"count":133,"href":"https:\/\/plisan.com\/index.php\/wp-json\/wp\/v2\/pages\/106\/revisions"}],"predecessor-version":[{"id":682,"href":"https:\/\/plisan.com\/index.php\/wp-json\/wp\/v2\/pages\/106\/revisions\/682"}],"wp:attachment":[{"href":"https:\/\/plisan.com\/index.php\/wp-json\/wp\/v2\/media?parent=106"}],"curies":[{"name":"wp","href":"https:\/\/api.w.org\/{rel}","templated":true}]}}